{"id":12203,"date":"2021-02-19T10:20:45","date_gmt":"2021-02-19T09:20:45","guid":{"rendered":"https:\/\/agora-eoi.xtec.cat\/eoiterrassa\/?page_id=12203"},"modified":"2025-05-12T13:25:54","modified_gmt":"2025-05-12T11:25:54","slug":"faqs","status":"publish","type":"page","link":"https:\/\/agora-eoi.xtec.cat\/eoiterrassa\/faqs\/","title":{"rendered":"FAQS"},"content":{"rendered":"<p><b>TEMES<\/b><\/p>\n<ul>\n<li><a href=\"#acces\">Acc\u00e9s als estudis<\/a><\/li>\n<li><a href=\"#preinscripcio\">Preinscripci\u00f3<\/a><\/li>\n<li><a href=\"#matricula\">Matr\u00edcula<\/a><\/li>\n<li><a href=\"#preus\">Preus<\/a><\/li>\n<li><a href=\"http:\/\/@assistencia\">Assist\u00e8ncia<\/a><\/li>\n<li><a href=\"#cursoshoraris\">Cursos i horaris<\/a><\/li>\n<li><a href=\"#cursosmono\">Cursos monogr\u00e0fics<\/a><\/li>\n<li><a href=\"#avaluacio\">Avaluaci\u00f3<\/a><\/li>\n<li><a href=\"#examens\">Ex\u00e0mens (Ex\u00e0mens oficials\/ ex\u00e0mens lliures)<\/a><\/li>\n<li><a href=\"#cursosestiu\">Cursos d\u2019estiu<\/a><\/li>\n<li><a href=\"#certificats\">Certificats i equival\u00e8ncies<\/a><\/li>\n<li><a href=\"#trasllat\">Trasllat<\/a><\/li>\n<li><a href=\"#tramits\">Tr\u00e0mits administratius<\/a><\/li>\n<li><a href=\"#carnet\">Carnet d\u2019alumne\/a<\/a><\/li>\n<\/ul>\n<p><b><a id=\"acces\"><\/a>ACC\u00c9S ALS ESTUDIS<\/b><\/p>\n<p><b>A partir de quina edat puc accedir a una EOI?<\/b><\/p>\n<p>L\u2019edat m\u00ednima per estudiar cursos OFICIALS a les EOI \u00e9s la seg\u00fcent:<\/p>\n<ul>\n<li aria-level=\"1\">per a qualsevol llengua cal haver complert els 16 anys (o fer-los l\u2019any natural en qu\u00e8 s\u2019efectua la matr\u00edcula)<\/li>\n<li aria-level=\"1\">per a una llengua diferent de la cursada com a primera llengua estrangera a l\u2019educaci\u00f3 secund\u00e0ria obligat\u00f2ria cal\u00a0haver complert els 14 anys (o fer-los l\u2019any en qu\u00e8 s\u2019efectua la matr\u00edcula)<\/li>\n<\/ul>\n<p>Per inscriure\u2019s a les proves lliures (B1, B2 o C1) s\u2019ha de tenir com a m\u00ednim 15 anys o complir-los durant l&#8217;any de realitzaci\u00f3 de la prova i haver superat el 2n d&#8217;ESO (o nivell equivalent).<\/p>\n<p><b>Qu\u00e8 necessito per accedir als estudis de les EOI<\/b><\/p>\n<p>Cal tenir l\u2019edat indicada i fer la preinscripci\u00f3 en les dates indicades (normalment a principis de setembre). M\u00e9s informaci\u00f3 al web de l\u2019escola durant el mes de juliol.<\/p>\n<p><b>Quin idioma puc aprendre a l\u2019EOI de Terrassa?<\/b><\/p>\n<p>L\u2019Oferta d\u2019idiomes, cursos i nivells a l\u2019EOI de Terrassa \u00e9s:<br \/>\nALEMANY: Nivell B\u00e0sic A1, Nivell B\u00e0sic A2, Nivell Intermedi B1, Nivell Intermedi B2.1, Nivell Intermedi B2.2, Nivell Avan\u00e7at C1.<\/p>\n<p>ANGL\u00c8S: Nivell B\u00e0sic A1, Nivell B\u00e0sic A2, Nivell Intermedi B1, Nivell Intermedi B2.1, Nivell Intermedi B2.2 i Nivell Avan\u00e7at C1.<\/p>\n<p>\u00c0RAB: Nivell B\u00e0sic A1, Nivell B\u00e0sic A2, Nivell Intermedi B1.1 i Nivell Intermedi B1.2.<\/p>\n<p>CATAL\u00c0: Nivell Avan\u00e7at C2.<\/p>\n<p>FRANC\u00c8S: Nivell B\u00e0sic A1, Nivell B\u00e0sic A2, Nivell Intermedi B1, Nivell Intermedi B2.1 i Nivell Intermedi B2.2, Nivell Avan\u00e7at C1.<\/p>\n<p>IT\u00c0LIA: Nivell B\u00e0sic A1, Nivell B\u00e0sic A2, Nivell Intermedi B1, Nivell Intermedi B2.1 i Nivell Intermedi B2.2, Nivell Avan\u00e7at C1.<\/p>\n<p>Per alguns idiomes i nivells es proposa tamb\u00e9 semipresencials. Consulteu els horaris per cada curs a la pestanya Idiomes.<\/p>\n<p><b>Despr\u00e9s de B2.2, un cop obtingut el Certificat de Nivell Intermedi B2 , com puc continuar estudiant la llengua per obtenir un nivell superior?<\/b><\/p>\n<p>Actualment a la nostra escola s\u2019imparteixen cursos de nivell avan\u00e7at C1 en alemany, angl\u00e8s, franc\u00e8s i itali\u00e0, i oferim cursos monogr\u00e0fics per estudiar alguns idiomes a un nivell superior a B2. Aquests estudis no condueixen a l\u2019obtenci\u00f3 del certificat. Podeu consultar l\u2019oferta a: <strong><a href=\"http:\/\/queestudiar.gencat.cat\/ca\/estudis\/idiomes\/\">http:\/\/queestudiar.gencat.cat\/ca\/estudis\/idiomes\/<\/a>.<\/strong><\/p>\n<p><b>Qu\u00e8 vol dir ser alumne lliure?<\/b><\/p>\n<p>S\u00f3n candidats\/tes que es matriculen nom\u00e9s per fer l\u2019examen de certificat de nivell B1, B2 o C1 sense tenir dret a l\u2019assist\u00e8ncia a classe. La inscripci\u00f3 \u00e9s telem\u00e0tica.<\/p>\n<p><b>Quan puc fer l\u2019examen de certificat per lliure?<\/b><\/p>\n<p>Segons el que estableix el Departament d\u2019Educaci\u00f3 i Formaci\u00f3 Professional, per tots els idiomes hi ha una convocat\u00f2ria al juny (inscripci\u00f3 telem\u00e0tica al febrer) i per a angl\u00e8s hi ha, a m\u00e9s a m\u00e9s, una altra convocat\u00f2ria al febrer (inscripci\u00f3 telem\u00e0tica al novembre). Trobareu m\u00e9s informaci\u00f3 a<strong> <a href=\"http:\/\/educacio.gencat.cat\/ca\/serveis-tramits\/proves\/proves-lliures-obtencio-titols\/\">http:\/\/educacio.gencat.cat\/ca\/serveis-tramits\/proves\/proves-lliures-obtencio-titols\/<\/a>.<\/strong><\/p>\n<p><b>Si estic matriculat\/ada en una EOI com a alumne\/a oficial, puc presentar-me per lliure per obtenir alguns dels certificats del mateix idioma?<\/b><\/p>\n<p>No. No es pot tenir simult\u00e0niament la condici\u00f3 d\u2019alumne\/a oficial i de candidat\/a lliure del mateix idioma i curs en el mateix curs acad\u00e8mic.<\/p>\n<p><b><a id=\"preinscripcio\"><\/a>PREINSCRIPCI\u00d3<\/b><\/p>\n<p><b>Quan em puc preinscriure?<\/b><\/p>\n<p>Les preinscripcions es fan online<strong>\u00a0<a href=\"https:\/\/www.eoidigital.com\/eoicat\/alumnes\/principal.php?I=C\">en aquest aplicatiu <\/a><\/strong>entre els \u00faltims dies d\u2019agost i els primers dies de setembre. Consulteu la nostra p\u00e0gina web a partir del mes de juliol per saber les dates exactes de preinscripci\u00f3 de cada curs.<\/p>\n<p><b>En quin curs em puc preinscriure?<\/b><\/p>\n<p>Si no teniu coneixements previs de l\u2019idioma, us podeu preinscriure a A1 directament. Si teniu coneixements de l\u2019idioma teniu dues opcions:<\/p>\n<p>1) Preinscripci\u00f3 directa al curs corresponent, sense fer test de nivell, en cas que us trobeu en alguna d\u2019aquestes situacions:<br \/>\n&#8211; haver aprovat el curs anterior en una EOI<br \/>\n&#8211; tenir el certificat de nivell A2, de nivell B1, B2 o el\/s certificat\/s de cicle elemental o d\u2019aptitud d&#8217;EOI.<br \/>\n&#8211; tenir alguna de les acreditacions de les<strong><a href=\"http:\/\/xtec.gencat.cat\/ca\/curriculum\/idiomes-a-les-eoi\/certificats\/\"> taules d&#8217;exempcions<\/a><\/strong> que trobareu a l&#8217;aplicatiu de preinscripci\u00f3.<\/p>\n<p>2) Preinscripci\u00f3 al test de nivell: teniu coneixements de l\u2019idioma per\u00f2 no us trobeu en cap de les circumst\u00e0ncies anteriors o no disposeu de la documentaci\u00f3 que les pot acreditar. El dia i l&#8217;hora per fer el test de nivell s&#8217;adjudica per sorteig a les persones preinscrites. <strong><a href=\"http:\/\/queestudiar.gencat.cat\/ca\/preinscripcio\/estudis\/idiomes\/\">Aqu\u00ed<\/a> <\/strong>hi trobareu m\u00e9s informaci\u00f3 sobre la preinscripci\u00f3.<\/p>\n<p><b>Un cop feta la preinscripci\u00f3, qu\u00e8 he de fer?<\/b><\/p>\n<p>Seguir les instruccions de l\u2019aplicatiu de preinscripci\u00f3 i estar atents als terminis. Si s\u2019ha marcat fer prova de nivell, s\u2019ha de consultar a la mateixa aplicaci\u00f3 si s\u2019ha resultat adm\u00e8s a poder fer la prova i en cas afirmatiu, consultar a la web de l\u2019EOI el dia i hora que es realitzar\u00e0. Per saber el resultat de la prova de nivell i per saber s\u2019ha obtingut pla\u00e7a o no, tamb\u00e9 s\u2019haur\u00e0 de consultar l\u2019aplicatiu.<\/p>\n<p><b>En qu\u00e8 consisteix la prova de nivell?<\/b><\/p>\n<p>A partir de setembre 2022, la prova de nivell d\u2019alemany, d&#8217;angl\u00e8s i de franc\u00e8s es fa en l\u00ednia.<\/p>\n<p>Per altres idiomes el test \u00e9s presencial. Es fa una part escrita (test d\u2019\u00fas de la llengua i una redacci\u00f3) i tamb\u00e9 es fa una prova oral en el cas d\u2019\u00e0rab, o d&#8217;itali\u00e0 a partir de A2. Per m\u00e9s informaci\u00f3, consulteu la p\u00e0gina web del <strong><a href=\"https:\/\/preinscripcio.gencat.cat\/ca\/estudis\/idiomes-eoi\/informat\/test-nivell-a2-c1\/\">Departament<\/a>.<\/strong><\/p>\n<p><b>Serveix la prova de nivell d\u2019un any per l\u2019altre?<\/b><\/p>\n<p>No, la prova de nivell t\u00e9 validesa nom\u00e9s pel curs acad\u00e8mic en qu\u00e8 es realitza la prova.<\/p>\n<p><b>Haig de fer la preinscripci\u00f3 de l\u2019idioma on ja s\u00f3c alumne oficial del curs anterior?<\/b><\/p>\n<p>No, l\u2019alumnat del curs immediatament anterior (tant si ha aprovat com si ha susp\u00e8s o no s\u2019ha presentat)\u00a0<b>no<\/b>\u00a0ha de fer la preinscripci\u00f3 d\u2019aquell idioma que est\u00e0 estudiant, nom\u00e9s cal fer la\u00a0matr\u00edcula online\u00a0(no preinscripci\u00f3) el dia assignat al\u00a0<b>juliol<\/b>\u00a0segons el calendari de matr\u00edcula d\u2019antics alumnes.<br \/>\nSi ets alumne oficial d\u2019un idioma per\u00f2 en vols cursar un altre,\u00a0<b>s\u00ed<\/b>\u00a0que haur\u00e0s de fer preinscripci\u00f3 del nou idioma que vols estudiar.<\/p>\n<p><b>Puc fer la preinscripci\u00f3 a m\u00e9s d\u2019un idioma?<\/b><\/p>\n<p>S\u00ed, et pots preinscriure fins a un m\u00e0xim de dos idiomes diferents i demanar dues EOI (1a i 2a opci\u00f3), per\u00f2 has de presentar una preinscripci\u00f3 per cada idioma.<\/p>\n<p><b>Puc fer la preinscripci\u00f3 del mateix idioma a m\u00e9s d\u2019una EOI?<\/b><\/p>\n<p>S\u00ed, a trav\u00e9s del web de preinscripci\u00f3 podr\u00e0s fer les preinscripcions a un o dos idiomes i per cada idioma podr\u00e0s escollir dues opcions de centre.<\/p>\n<p><b>Si estic preinscrit, vol dir que ja tinc pla\u00e7a?<\/b><\/p>\n<p>No, estar preinscrit no significa estar matriculat. Per fer efectiva la matr\u00edcula, has d\u2019haver resultat adm\u00e8s en el sorteig de places, que es realitza un cop l\u2019alumnat ha fet la prova de nivell.<\/p>\n<p><b>Puc fer la preinscripci\u00f3 per a una altra persona?<\/b><\/p>\n<p>S\u00ed, si tens les dades personals necess\u00e0ries per fer la preinscripci\u00f3.<\/p>\n<p><b>Se m&#8217;ha passat el termini de preinscripci\u00f3, hi ha alguna manera de poder matricular-me?<\/b><\/p>\n<p>Consulteu la web de l\u2019EOI Terrassa durant tot el mes de setembre, perqu\u00e8 si el dia de matr\u00edcula de places vacants, a finals de setembre, en queden de lliures podreu matricular-vos.<\/p>\n<p><b>Vaig aprovar A1 fa anys i vaig anar a viure al pa\u00eds del idioma que vull estudiar, puc fer test de nivell per passar a un altre curs superior a A2?<\/b><\/p>\n<p>S\u00ed. Al moment de fer la preinscripci\u00f3, marqueu que voleu fer test de nivell.<\/p>\n<p><b>Fa molts anys vaig aprovar un curs de l&#8217;EOI per\u00f2 m&#8217;agradaria repetir-lo perqu\u00e8 no me&#8217;n recordo de res, puc fer-ho?<\/b><\/p>\n<p>S\u00ed.\u00a0Si es tracta de cursos que no hagin comportat l&#8217;obtenci\u00f3 d&#8217;un certificat (A1 i B2.1) primer s&#8217;ha de renunciar al curs acad\u00e8mic, que es va aprovar aleshores, omplint una inst\u00e0ncia i presentant-la a l&#8217;escola on es va estudiar. En cas que es concedeixi, el curs renunciat comptar\u00e0 a efectes de repetici\u00f3.<\/p>\n<p><strong>Qu\u00e8 \u00e9s una matr\u00edcula d\u2019actualitzaci\u00f3?<\/strong><\/p>\n<p>Les persones que ja hagin cursat i superat amb anterioritat cursos de les escoles oficials d\u2019idiomes que condueixen a l\u2019obtenci\u00f3 d\u2019un certificat, i que vulguin actualitzar-ne els coneixements, poden sol\u00b7licitar matricular-se en l\u2019\u00faltim curs realitzat o en qualsevol dels cursos inferiors.<br \/>\nLa sol\u00b7licitud per a aquest tipus de matr\u00edcula s\u2019ha de presentar al centre una vegada finalitzat el per\u00edode d\u2019admissi\u00f3, i nom\u00e9s s\u2019admet si existeixen vacants en el curs i l\u2019idioma sol\u00b7licitat. La sol\u00b7licitud \u00e9s v\u00e0lida \u00fanicament per al curs acad\u00e8mic en qu\u00e8 se sol\u00b7licita i s\u2019ha de tornar a presentar per a cursos acad\u00e8mics posteriors, si l\u2019alumne ho vol.<br \/>\nAquest tipus de matr\u00edcula no t\u00e9 efectes acad\u00e8mics ni dona lloc a cap certificat oficial. La qualificaci\u00f3 que es fa constar a l\u2019expedient acad\u00e8mic de l\u2019alumne \u00e9s de \u201cno qualificat\/ada\u201d.<br \/>\nEls alumnes en aquesta situaci\u00f3 acad\u00e8mica no tenen dret a sol\u00b7licitar una nova expedici\u00f3 del certificat obtingut anteriorment, per\u00f2 poden sol\u00b7licitar un certificat d\u2019actualitzaci\u00f3 al centre on estiguin matriculats.<br \/>\nPel que fa al preu del servei, aquests alumnes han de pagar la taxa o el preu p\u00fablic corresponent, sense penalitzaci\u00f3 per repetici\u00f3.<br \/>\nDurant un mateix curs acad\u00e8mic no es pot simultaniejar una matr\u00edcula ordin\u00e0ria als ensenyaments presencials amb una matr\u00edcula d\u2019actualitzaci\u00f3 del mateix idioma.<\/p>\n<p><b><a id=\"matricula\"><\/a>MATR\u00cdCULA<\/b><\/p>\n<ul>\n<li>Alumnat nou<\/li>\n<\/ul>\n<p><b>Si vaig escollir fer prova de nivell i no em presento, quedar\u00e9 adm\u00e8s a A1?<\/b><\/p>\n<p>No, la no presentaci\u00f3 a la prova de nivell suposa l\u2019anul\u00b7laci\u00f3 de la preinscripci\u00f3.<\/p>\n<p><b>Quan s\u00e9 que em puc matricular un cop feta la preinscripci\u00f3?<\/b><\/p>\n<p>Un cop preinscrits, tant l\u2019alumnat que ha fet prova de nivell com l\u2019alumnat que s\u2019ha preinscrit directament a un nivell, ha de comprovar si el sorteig de places ha determinat que s\u2019ha estat adm\u00e8s al nivell corresponent. Si heu quedat admesos, haureu de consultar el dia que us heu de matricular online i fer efectiva la matr\u00edcula amb el pagament corresponent. Si heu quedat en llista d\u2019espera, us podreu matricular online el dia i l\u2019hora assignats, en cas que quedin places vacants.<br \/>\nTot aquest proc\u00e9s es fa online a trav\u00e9s de la p\u00e0gina de preinscripci\u00f3 i \u00e9s molt important seguir les instruccions que es van donant per no perdre\u2019s cap pas.<\/p>\n<ul>\n<li>Alumnat oficial de l\u2019any anterior<\/li>\n<\/ul>\n<p><b>Quan he de fer la matr\u00edcula per al curs seg\u00fcent si ja s\u00f3c alumne oficial?<\/b><\/p>\n<p>La matr\u00edcula de l\u2019alumnat oficial es fa de manera telem\u00e0tica al juliol. A finals de maig, consulteu la nostra p\u00e0gina web per veure el calendari de matr\u00edcula.<\/p>\n<p><b>Si s\u00f3c alumne oficial del curs anterior, tinc l\u2019horari assegurat per aquest curs?<\/b><\/p>\n<p>Els alumnes del curs immediatament anterior (aprovats, suspesos, no presentats i ren\u00fancies) tenen reserva de pla\u00e7a sempre que no hagin esgotat les convocat\u00f2ries, per\u00f2 no se\u2019ls garanteix un horari determinat.<\/p>\n<p><b>Puc matricular-me a un grup que no em va b\u00e9 per horari i venir a un altre horari?<\/b><\/p>\n<p>No. Els canvis de grup es fan exclusivament\u00a0<strong>online.<\/strong> Per a poder sol\u00b7licitar un canvi de grup l\u2019alumne\/a ha d\u2019accedir a l\u2019\u00e0rea de l\u2019alumnat en el termini establert a trav\u00e9s de la p\u00e0gina web de l\u2019escola (icona del birret) o directament amb aquest <a href=\"https:\/\/www.informaticacentros.com\/centrosnet\/ultralogin.php?tcentro=EOI&amp;centro=b05\"><strong>enlla\u00e7. <\/strong><\/a>No es recomana aquesta opci\u00f3, perqu\u00e8 si no es concedeix el canvi de grup, a m\u00e9s d&#8217;haver pagat uns serveis dels quals no us beneficiareu, estar\u00edeu ocupant una pla\u00e7a que alg\u00fa altre hagu\u00e9s pogut aprofitar. Per m\u00e9s informacions, consulteu la p\u00e0gina<strong> <a href=\"https:\/\/agora-eoi.xtec.cat\/eoiterrassa\/matricula-2\/tramits-de-lalumnat\/#canvihorari\">Tr\u00e0mits<\/a><\/strong> de l&#8217;EOI<\/p>\n<p><b>Si un any no em matriculo, perdo la prioritat en la matr\u00edcula i la reserva de pla\u00e7a?<\/b><\/p>\n<p>S\u00ed. Nom\u00e9s t\u00e9 prioritat de matr\u00edcula i pla\u00e7a garantida l&#8217;alumnat que va estar matriculat el curs immediatament anterior a l&#8217;actual i en el mateix idioma. La persona que est\u00e0 un any acad\u00e8mic, o m\u00e9s, sense matricular-se haur\u00e0 de seguir el sistema d\u2019acc\u00e9s dels candidats nous.<\/p>\n<p><b>Si s\u00f3c alumne\/a oficial i se m\u2019ha passat el per\u00edode de matr\u00edcula al juliol, qu\u00e8 puc fer per matricular-me?<\/b><\/p>\n<p>Si\u00a0<b>no<\/b> et matricules telem\u00e0ticament els dies de juliol reservats per alumnat oficial, perds l&#8217;oficialitat. Per tant, en cas de voler fer la matr\u00edcula, caldr\u00e0 tornar a passar pel proc\u00e9s de preinscripci\u00f3 a principis de setembre.<\/p>\n<p><b>S\u00f3c alumne d&#8217;una altra EOI, em puc matricular a l&#8217;EOI de Terrassa?<\/b><\/p>\n<p>Si ets alumne\/a del curs immediatament anterior, al mes de juliol hi ha uns dies per demanar un trasllat de matr\u00edcula excepcional. Aquest alumnat t\u00e9 prefer\u00e8ncia respecte del que vol entrar de nou al setembre. Cal informar-se a l\u2019EOI de destinaci\u00f3, \u00e9s a dir l\u2019EOI on voldr\u00e0s estudiar el curs seg\u00fcent.<br \/>\nSi no es fa el trasllat indicat al par\u00e0graf anterior s\u2019haur\u00e0 de fer preinscripci\u00f3 al setembre (com alumnat nou) a l\u2019EOI on es vol estudiar i esperar el sorteig de pla\u00e7a. Si finalment es pot fer matr\u00edcula, s\u2019haur\u00e0 de sol\u00b7licitar un trasllat d&#8217;expedient a l\u2019EOI d\u2019origen. Aquest tr\u00e0mit es pot fer a la secretaria de l\u2019EOI de dest\u00ed. Consulteu l&#8217;apartat <a style=\"font-family: inherit; font-size: 1em;\" href=\"https:\/\/agora-eoi.xtec.cat\/eoiterrassa\/matricula-2\/tramits-de-lalumnat\/#Trasllatsdematricula\"><strong>Trasllats de matr\u00edcula<\/strong><\/a> a la p\u00e0gina web de l&#8217;escola.<\/p>\n<p><b><a id=\"preus\"><\/a>PREUS<\/b><\/p>\n<p><b>Els cursos s\u00f3n subvencionats?\u00a0<\/b><\/p>\n<p>L\u2019Escola Oficial d\u2019Idiomes de Terrassa \u00e9s un centre p\u00fablic d\u2019ensenyament i les seves taxes s\u00f3n fixades pel Departament d\u2019Educaci\u00f3 i Formaci\u00f3 professional.<\/p>\n<p><b>Hi ha alguna reducci\u00f3 per algun concepte?<\/b><\/p>\n<p>S\u00ed, per a fam\u00edlies nombroses, monoparentals, persones amb discapacitat i v\u00edctimes del terrorisme. etc. Consulteu totes les reduccions i exempcions en l\u2019apartat<a href=\"https:\/\/agora-eoi.xtec.cat\/eoiterrassa\/taxes\/\">\u00a0taxes<\/a> de la nostra p\u00e0gina web i a la <a href=\"http:\/\/educacio.gencat.cat\/ca\/departament\/normativa\/taxes-preus-publics\/exempcions-bonificacions\/\">resoluci\u00f3 oficial<\/a> del Departament d\u2019Educaci\u00f3 i Formaci\u00f3 Professional de la Generalitat.<\/p>\n<p><b>Tinc reducci\u00f3 o exempci\u00f3 de taxa si s\u00f3c docent?<\/b><\/p>\n<p>A partir del curs 19-20, es pot formar part del\u00a0<strong><a href=\"http:\/\/xtec.gencat.cat\/ca\/formacio\/formaciogeneralprofessorat\/llengues\/programa-pia\/\">Programa PIA +<\/a><\/strong> si es compleixen les condicions que s&#8217;esmenten en aquest programa. Aquest programa es\u00a0 publica a la p\u00e0gina de <b>l\u2019XTEC<\/b> (apartat formaci\u00f3).<\/p>\n<p><b>Tinc prioritat si s\u00f3c docent per obtenir pla\u00e7a?<\/b><\/p>\n<p>El personal docent pot optar a aquest<strong><a href=\"http:\/\/xtec.gencat.cat\/ca\/formacio\/formaciogeneralprofessorat\/llengues\/programa-pia\/\"> programa PIA+<\/a><\/strong>. Altrament, no tenen cap prefer\u00e8ncia respecte la resta de l\u2019alumnat.<\/p>\n<p><b>El pagament de la matr\u00edcula es fa d\u2019un sol cop?<\/b><\/p>\n<p>S\u00ed, \u00e9s un \u00fanic pagament. Hi ha un termini de pagament (de 24h) despr\u00e9s de fer la matr\u00edcula online. Es pot fer el pagament amb qualsevol targeta.<\/p>\n<p><b>Qu\u00e8 \u00e9s el pagament dels 30 \u20ac?<\/b><\/p>\n<p>El pagament dels 30 \u20ac per acc\u00e9s a la plataforma i materials did\u00e0ctics \u00e9s\u00a0<strong>obligatori<\/strong>\u00a0i est\u00e0 subjecte a bonificacions i\/o exempcions\u00a0dels preus p\u00fablics. (Ordre EDU\/114\/2021).<\/p>\n<p>Aquesta quota, que complementa l\u2019assignaci\u00f3 que la Generalitat d\u00f3na als centres per a manteniment i funcionament b\u00e0sic, possibilita el nivell de prestacions que el centre ofereix i el manteniment i millora de les instal\u00b7lacions i recursos pedag\u00f2gics i tecnol\u00f2gics del centre.<\/p>\n<p><b>Si deixo el curs, em retornen els diners de la matr\u00edcula?<\/b><\/p>\n<p>No \u00e9s compet\u00e8ncia de l\u2019EOI reintegrar l\u2019import de la matr\u00edcula, ja que aquests ingressos pertanyen a la Generalitat de Catalunya. La tramitaci\u00f3 de la devoluci\u00f3 de taxes es fa preferiblement a trav\u00e9s de la secretaria del centre. Per sol\u00b7licitar la devoluci\u00f3 de taxes s\u2019ha d\u2019emplenar la sol.licitud dintre el termini establert de ren\u00fancia amb dret a devoluci\u00f3 de taxa (consultar-ho a la web de l\u2019EOI cada any) i adjuntar la documentaci\u00f3 acreditativa del motiu pel qual es demana la devoluci\u00f3 aix\u00ed com el justificant de l&#8217;ingr\u00e9s de la taxa.<br \/>\nLa devoluci\u00f3 de taxes suposa l\u2019exclusi\u00f3 de la matr\u00edcula de l\u2019expedient acad\u00e8mic i, per tant, la ren\u00fancia a la pla\u00e7a per part de l\u2019alumnat. En conseq\u00fc\u00e8ncia, per poder matricular-se al curs seg\u00fcent, com a alumnat oficial, s\u2019haur\u00e0 de tornar a accedir per la via de la preinscripci\u00f3.\u00a0Consulteu l&#8217;apartat<a href=\"https:\/\/agora-eoi.xtec.cat\/eoiterrassa\/matricula-2\/tramits-de-lalumnat\/#t\"> <strong>Devoluci\u00f3 de taxes o preus p\u00fablics<\/strong><\/a>\u00a0a la p\u00e0gina web de l&#8217;escola.<\/p>\n<p><b><a id=\"assistencia\"><\/a>ASSIST\u00c8NCIA<\/b><\/p>\n<p><b>L\u2019assist\u00e8ncia a classe \u00e9s obligat\u00f2ria?<\/b><\/p>\n<p>S\u00ed. L\u2019assist\u00e8ncia es considera absolutament necess\u00e0ria per al bon aprofitament i per a una adequada avaluaci\u00f3 de l\u2019alumne\/a. L\u2019alumnat t\u00e9 el deure d\u2019assistir regularment a classe. Una assist\u00e8ncia superior al 65% \u00e9s imprescindible per poder ser avaluat de forma cont\u00ednua. En qualsevol cas, tot l\u2019alumnat pot presentar-se a l\u2019examen final per obtenir una qualificaci\u00f3 de curs.<\/p>\n<p><b>Qu\u00e8 he de fer si no puc venir a classe?<\/b><\/p>\n<p>\u00c9s aconsellable informar el\/la vostre\/a professor\/a, especialment si heu de faltar uns quants dies. No \u00e9s necessari presentar justificant d\u2019abs\u00e8ncia excepte si sou alumnat menor de 18 anys.<\/p>\n<p><b>Es pot assistir a classe com a alumnat oient?<\/b><\/p>\n<p>No. No existeix aquesta modalitat d\u2019alumnat a les EOI.<\/p>\n<p><b>Si un cop comen\u00e7at el curs, em sorgeix algun impediment per continuar assistint a classe, qu\u00e8 he de fer?<\/b><\/p>\n<p>Cal que ho facis saber al teu professor\/a al m\u00e9s aviat possible ja que es pot sol\u00b7licitar <a href=\"https:\/\/agora-eoi.xtec.cat\/eoiterrassa\/matricula-2\/tramits-de-lalumnat\/#canvihorari\"><strong>un\u00a0canvi d\u2019horari\u00a0<\/strong><\/a>si per causes de for\u00e7a major (estudis, feina o salut), no es pot continuar assistint a l\u2019horari en qu\u00e8 s\u2019est\u00e0 matriculat. El canvi est\u00e0 subjecte per\u00f2, a la disponibilitat de places, i, per tant, l\u2019EOI no el pot garantir.<br \/>\nSi no \u00e9s possible aquest canvi, hi ha la possibilitat de presentar <strong><a href=\"https:\/\/agora-eoi.xtec.cat\/eoiterrassa\/matricula-2\/tramits-de-lalumnat\/#renuncia\">una\u00a0<\/a><a href=\"https:\/\/agora-eoi.xtec.cat\/eoiterrassa\/matricula-2\/tramits-de-lalumnat\/#renuncia\">ren\u00fancia<\/a>\u00a0<\/strong>a la matr\u00edcula per a qu\u00e8 no compti la convocat\u00f2ria a efectes de repetici\u00f3. Nom\u00e9s es pot demanar una ren\u00fancia per a mateix curs.<\/p>\n<p><b>Fins quan tinc temps de presentar la meva sol\u00b7licitud de ren\u00fancia de pla\u00e7a?<\/b><\/p>\n<p>Cal comprovar el termini per presentar ren\u00fancia de cada curs. Consulteu el termini vigent cada curs a l\u2019apartat \u201c<strong><a href=\"https:\/\/agora-eoi.xtec.cat\/eoiterrassa\/matricula-2\/tramits-de-lalumnat\/#t\">Devoluci\u00f3 de taxes<\/a><\/strong>\u201d de la web de l\u2019EOI de Terrassa.<\/p>\n<p><b>Puc fer un curs\u00a0 a dist\u00e0ncia a l\u2019EOI de Terrassa?<\/b><\/p>\n<p>A les EOI no s\u2019ofereixen cursos oficials totalment a dist\u00e0ncia.<\/p>\n<p>L&#8217;<strong><a href=\"https:\/\/ioc.xtec.cat\/educacio\/eoi\">EOI IOC<\/a><\/strong> \u00e9s l&#8217;oferta educativa online de les Escoles Oficials d&#8217;Idiomes. Actualment s\u2019ofereixen cursos d&#8217;angl\u00e8s (d\u2019A1 fins a B2), d\u2019alemany\u00a0 (A1 i A2 i nivell C1) i de catal\u00e0 C2.2 (antic nivell D). L&#8217;EOI IOC est\u00e0 integrada a l&#8217;Institut Obert de Catalunya.<\/p>\n<p><b><a id=\"cursoshorari\"><\/a>CURSOS I HORARIS<\/b><\/p>\n<p><b>Quan podem saber els horaris del curs vinent?<\/b><\/p>\n<p>Al juliol es pot consultar a la web de l\u2019EOI de Terrassa l\u2019oferta de cursos pel curs vinent.<\/p>\n<p><b>Quan podem saber els llibres que necessitarem l\u2019any vinent?<\/b><\/p>\n<p>Al finals de setembre es pot consultar a la web de l\u2019EOI de Terrassa el llistat de llibres de curs. Es podran adquirir al centre les primeres setmanes de classe (final de setembre, octubre).<\/p>\n<p><b>Quina durada tenen els cursos?<\/b><\/p>\n<p>Cada curs t\u00e9 una durada aproximada de 130 h. El curs comen\u00e7a a finals de setembre i acaba a finals de maig. Al maig\/ juny es fan els ex\u00e0mens.<\/p>\n<p><b>Qu\u00e8 \u00e9s un curs semipresencial?\u00a0<\/b><\/p>\n<p><span style=\"font-weight: 400;\">En la modalitat semipresencial la c\u00e0rrega lectiva del curs es reparteix de manera igual entre el treball presencial al centre i el treball individual telem\u00e0tic.\u00a0<\/span><span style=\"font-weight: 400;\">Un curs semipresencial t\u00e9 la mateixa durada que els cursos presencials, per\u00f2 comporta una sessi\u00f3 setmanal a l&#8217;escola i un treball en l\u00ednia individual d&#8217;aproximadament quatre hores a la setmana a casa.<\/span><\/p>\n<p><span style=\"font-weight: 400;\">L\u2019assist\u00e8ncia a les sessions presencials \u00e9s obligat\u00f2ria, i a casa \u00e9s imprescindible\u00a0<\/span><span style=\"font-weight: 400;\">disposar d\u2019un ordinador amb connexi\u00f3 de banda ampla a Internet.\u00a0<\/span><span style=\"font-weight: 400;\">L\u2019alumnat dels cursos semipresencials es caracteritza per la seva autonomia en l&#8217;aprenentatge, cosa que permet progressar de manera independent sota la tutela del professorat.<\/span><\/p>\n<p><b><a id=\"cursosmono\"><\/a>CURSOS MONOGR\u00c0FICS<\/b><\/p>\n<p><b>Qu\u00e8 s\u00f3n els cursos monogr\u00e0fics?<\/b><\/p>\n<p>S\u00f3n cursos de 30 hores, organitzats pel Departament de Cursos Especials d\u2019Educaci\u00f3 Permanent i de Perfeccionament al marge dels programes oficials. Estan destinats a aprofundir en el coneixement de la realitat sociocultural dels pa\u00efsos on es parla la llengua objecte d\u2019estudi (literatura, hist\u00f2ria, civilitzaci\u00f3, costums, institucions, etc. d\u2019aquests pa\u00efsos), de llengua d\u2019especialitat (negocis, medicina, did\u00e0ctica\u2026) o de treball d\u2019actualitzaci\u00f3 ling\u00fc\u00edstica o espec\u00edfic per destreses. Aquests cursos tenen com a destinat\u00e0ries aquelles persones que acreditin tenir un nivell igual o superior al Nivell Intermedi B2\u00a0 de les EOI, tret dels de llengua d\u2019especialitat que es podran adre\u00e7ar a persones que acreditin tenir un nivell igual o superior al Nivell Intermedi B1\u00a0 de les EOI.<\/p>\n<p><b>Si vaig fer el test de nivell al setembre, aquest em pot servir per acreditar el meu nivell a cursos monogr\u00e0fics?<\/b><\/p>\n<p>S\u00ed.<\/p>\n<p><b>Quants cr\u00e8dits convaliden els cursos monogr\u00e0fics?<\/b><\/p>\n<p>Dep\u00e8n de les diferents universitats i del tipus de durada del curs. Heu d\u2019adre\u00e7ar-vos a la secretaria de la facultat per demanar-ne la convalidaci\u00f3. S\u2019ha de presentar el certificat rebut en acabar el curs monogr\u00e0fic<\/p>\n<p><b>Puc matricular-me en un curs monogr\u00e0fic si no s\u00f3c alumne\/a oficial\u00a0 de l\u2019EOI de Terrassa o d\u2019una altra EOI?<\/b><\/p>\n<p>S\u00ed.<\/p>\n<p><b><a id=\"avaluacio\"><\/a>AVALUACI\u00d3<\/b><\/p>\n<p><b>Com s\u2019avalua l\u2019alumnat?<\/b><\/p>\n<p>Tot i que hi ha un marc general d\u2019avaluaci\u00f3 de l&#8217;alumnat del centre, cal consultar amb el professorat de l\u2019idioma que estudieu per saber com s\u2019avalua l\u2019alumnat de manera espec\u00edfica.<\/p>\n<p>En general, es d\u00f3na molta import\u00e0ncia durant tot el curs a l\u2019intercanvi d\u2019informaci\u00f3 sobre el proc\u00e9s d\u2019aprenentatge entre alumnat i professorat, per aix\u00f2 \u00e9s necessari haver assistit a classe un m\u00ednim d\u2019un 65% per poder ser avaluat de manera continua.<\/p>\n<p>L\u2019avaluaci\u00f3 cont\u00ednua s\u2019aplica a tots els cursos, tot i que cada departament decideix el seu sistema espec\u00edfic excepte en els ex\u00e0mens de certificat on es fa un examen final obligatori en tots els idiomes: nivell intermedi B1, nivell intermedi B2 i nivell avan\u00e7at C1.<\/p>\n<p>De tota manera el marc general sobre l\u2019avaluaci\u00f3 segons la Resoluci\u00f3 per la qual es donen instruccions per a l\u2019organitzaci\u00f3 i el funcionament de les EOI de Catalunya, \u00e9s aquest: \u201cL\u2019avaluaci\u00f3 del proc\u00e9s d\u2019aprenentatge dels alumnes oficials presencials ser\u00e0 cont\u00ednua i sistem\u00e0tica, globalitzada, integradora i personalitzada per tal de valorar el progr\u00e9s dels alumnes i contrastar els objectius establerts amb els resultats que s\u2019obtenen\u201d.<\/p>\n<p><b>Qu\u00e8 he de fer si no puc venir algun dia a un examen?<\/b><\/p>\n<p>Si es tracta d\u2019un examen al llarg del curs, cal posar-se en contacte amb el\/la professor\/a per establir, si es creu convenient, la manera de recuperar-lo. No \u00e9s un dret de l\u2019alumnat poder fer l\u2019examen un altre dia.<\/p>\n<p>Si es tracta d\u2019una prova final, cal presentar una inst\u00e0ncia adre\u00e7ada a la cap d\u2019estudis i justificar documentalment que es tracta d\u2019una incid\u00e8ncia per q\u00fcestions laborals ineludibles, q\u00fcestions de salut, ex\u00e0mens oficials la data dels quals no es pot canviar, etc. Un cop presentada la inst\u00e0ncia, es donar\u00e0 resposta personal i si \u00e9s favorable es podr\u00e0 fer la prova en una data especial per a incid\u00e8ncies de la qual s\u2019informar\u00e0 puntualment.<\/p>\n<p><b><a id=\"examens\"><\/a>EX\u00c0MENS<\/b><\/p>\n<ul>\n<li><b>Ex\u00e0mens oficials<\/b><\/li>\n<\/ul>\n<p><b>Qu\u00e8 passa si no he fet l&#8217;examen?<\/b><\/p>\n<p>La teva qualificaci\u00f3 ser\u00e0 de no presentat (NP) i haur\u00e0s esgotat una convocat\u00f2ria. Tens reserva de pla\u00e7a (no horari) per al curs seg\u00fcent, sempre que no hagis esgotat les convocat\u00f2ries. Caldr\u00e0 fer matricula al juliol en les dates i horaris establerts al calendari de matr\u00edcula.<\/p>\n<p><b>Si he susp\u00e8s o he renunciat oficialment a la meva matr\u00edcula, tinc pla\u00e7a reservada per l\u2019any seg\u00fcent?<\/b><\/p>\n<p>S\u00ed. Tens pla\u00e7a reservada (no horari) al mateix nivell com a antic alumne per a l\u2019any immediatament posterior al que est\u00e0s matriculat, i cal que et matriculis al juliol en les dates indicades al calendari de matr\u00edcula d\u2019antics alumnes. Si no et matricules en les dates establertes, perdr\u00e0s els teus drets com a antic alumne.<\/p>\n<p>Si has susp\u00e8s el mateix nivell per segona vegada cal que, abans de matricular-te, consultis a la secretaria si tens dret a demanar una convocat\u00f2ria addicional.<\/p>\n<p><b>Quantes vegades es pot repetir cada curs?<\/b><\/p>\n<p>Dins de cada nivell \u2014A2, B1, B2 i C1\u2014, l\u2019alumnat t\u00e9 dret a romandre matriculat en el r\u00e8gim d\u2019ensenyament oficial, modalitat presencial, durant un m\u00e0xim de cursos acad\u00e8mics equivalents al doble dels cursos de qu\u00e8 consta el nivell per a l\u2019idioma corresponent.<\/p>\n<p>Per tant el nivell b\u00e0sic que consta d\u2019A1 i A2, es pot fer en un total de 4 cursos. El nivell intermedi B1 es pot fer en 2 cursos, nivell intermedi que consta de B2.1 i B2.2, es pot fer en un total de 4 cursos, i nivell avan\u00e7at C1 es pot fer en un m\u00e0xim de 2 cursos.<\/p>\n<p>L\u2019alumne\/a que cursa per tercera vegada el nivell b\u00e0sic A1 o que cursa per tercera vegada el nivell intermedi B2.1 i no el supera, no pot tornar a cursar aquest curs una altra vegada.<\/p>\n<p>L\u2019alumne\/a que accedeix directament al nivell b\u00e0sic A2 o al nivell intermedi B2.2, el pot cursar un m\u00e0xim de dues vegades.<\/p>\n<p>Per poder fer un nivell m\u00e9s vegades que les previstes a la normativa caldr\u00e0 demanar una convocat\u00f2ria addicional. Cal tenir en compte que si es renuncia a la matr\u00edcula dins el termini previst, no compta com a convocat\u00f2ria exhaurida.<\/p>\n<p>En cap cas es pot fer un curs m\u00e9s de 3 vegades.<\/p>\n<p><b>Qu\u00e8 \u00e9s una convocat\u00f2ria addicional?<\/b><\/p>\n<p>En casos excepcionals a valorar per la direcci\u00f3 de l\u2019escola, i sempre que no representi fer el mateix curs per quarta vegada, es podr\u00e0 autoritzar la repetici\u00f3 o perman\u00e8ncia d\u2019un curs m\u00e9s en r\u00e8gim oficial presencial a l\u2019alumnat que ho sol\u00b7liciti a trav\u00e9s d\u2019una sol\u00b7licitud quan ja hagi superat el nombre m\u00e0xim de cursos de perman\u00e8ncia autoritzats amb car\u00e0cter general per al nivell corresponent. Nom\u00e9s es pot concedir una convocat\u00f2ria addicional per nivell. M\u00e9s informaci\u00f3 <a href=\"https:\/\/agora-eoi.xtec.cat\/eoiterrassa\/matricula-2\/tramits-de-lalumnat\/\">Aqu\u00ed<\/a><\/p>\n<p><b>Quants anys em guarden les notes?<\/b><\/p>\n<p>A l\u2019EOI, els cursos aprovats no tenen caducitat.<\/p>\n<p><b>Quan sabr\u00e9 les dates i els resultats dels ex\u00e0mens?<\/b><\/p>\n<p>El professorat informar\u00e0 als seus alumnes oficials de les dates dels ex\u00e0mens. Els candidats que es presenten per lliure a les proves de certificaci\u00f3 podran-les abans d\u2019inscriure\u2019s les dates d\u2019ex\u00e0mens.<\/p>\n<p>L\u2019alumnat oficial pot consultar els resultats dels ex\u00e0mens (de tots els nivells) a la plataforma de gesti\u00f3 <strong><a href=\"https:\/\/www.informaticacentros.com\/centrosnet\/ultralogin.php?tcentro=EOI&amp;centro=b05\">CENTROSNET.<\/a><\/strong><\/p>\n<p>Per als ex\u00e0mens d\u2019A1, A2 i B2.1 us podeu posar en contacte amb el\/la vostre\/a professor\/a per saber el dia de revisi\u00f3 d\u2019examen.<\/p>\n<p>Si es tracta d\u2019un examen de Certificat B1, B2 o C1 l\u2019alumne ha de sol\u00b7licitar la revisi\u00f3 d\u2019examen i disposa d\u2019un termini de 48 hores per presentar una reclamaci\u00f3 per escrit sobre la seva nota, si escau.<\/p>\n<p><b>Com puc obtenir el t\u00edtol un cop aprovat l\u2019examen?<\/b><\/p>\n<p>A la p\u00e0gina web de l\u2019EOI de Terrassa es publiquen les instruccions per<strong><a href=\"https:\/\/agora-eoi.xtec.cat\/eoiterrassa\/matricula-2\/tramits-de-lalumnat\/#bdos\"> sol\u00b7licitar o recollir el t\u00edtol<\/a> <\/strong>corresponent dels nivells A2, B1 B2 o C1.<\/p>\n<ul>\n<li><b>Ex\u00e0mens lliures<\/b><\/li>\n<\/ul>\n<p><b>Quan es fan ex\u00e0mens lliures?<\/b><\/p>\n<p>Segons el que estableix el<strong><a href=\"http:\/\/ensenyament.gencat.cat\/ca\/serveis-tramits\/proves\/proves-lliures-obtencio-titols\/convocat-ordinaria-idiomes\/\"> Departament d\u2019Educaci\u00f3 i Formaci\u00f3 Professional<\/a><\/strong>, per tots els idiomes hi ha una convocat\u00f2ria al juny (inscripci\u00f3 telem\u00e0tica habitualment entre finals de febrer i principis de mar\u00e7) i per a angl\u00e8s hi ha, a m\u00e9s a m\u00e9s, una altra convocat\u00f2ria al febrer (inscripci\u00f3 telem\u00e0tica normalment a finals de novembre).<\/p>\n<p><b>Qu\u00e8 necessito per presentar-me a un certificat per lliure?<\/b><\/p>\n<p>1) Tenir com a m\u00ednim quinze anys o complir-los durant l&#8217;any de la inscripci\u00f3 a la prova.<\/p>\n<p>2) Acreditar la superaci\u00f3 del segon curs de l&#8217;ESO o nivell equivalent.<\/p>\n<p>3) No ser alumne\/a oficial del mateix idioma. Si es detecta una matr\u00edcula lliure d&#8217;un alumne\/a oficial es produeix la baixa d&#8217;ofici en el r\u00e8gim oficial d&#8217;aquell idioma.<\/p>\n<p>4) Cal formalitzar la matr\u00edcula i el pagament.<\/p>\n<p><b>On m\u2019he d\u2019inscriure per poder fer l\u2019examen?<\/b><\/p>\n<p>La inscripci\u00f3, pagament, dates i seguiment de la inscripci\u00f3 aix\u00ed com tamb\u00e9 la consulta de resultats es fa tot online en aquesta <a href=\"http:\/\/ensenyament.gencat.cat\/ca\/tramits\/tramits-temes\/7708-proves-idiomes-EOI?moda=1\">adre\u00e7a<\/a>.<\/p>\n<p><b>Quan dura la prova?<\/b><\/p>\n<p>Certificat de Nivell Intermedi B1:<\/p>\n<p>&#8211; Durada de la prova escrita: aproximadament 3h 45\u2019 (incl\u00f2s un descans de 30\u2019)<\/p>\n<p>&#8211; Durada de la prova oral: 20\u2019 aprox. (El dia de la prova escrita es lliura la convocat\u00f2ria per fer la prova oral que no coincidir\u00e0 amb la data de la prova escrita)<\/p>\n<p>Certificat de Nivell Intermedi B2:<\/p>\n<p>&#8211; Durada de la prova escrita: aproximadament 4h (incl\u00f2s un descans de 30\u2019)<\/p>\n<p>&#8211; Durada de la prova oral: 35\u2019 aprox. (El dia de la prova escrita es lliura la convocat\u00f2ria per fer la prova oral que no coincidir\u00e0 amb la data de la prova escrita).<\/p>\n<p>Certificat de Nivell Avan\u00e7at C1:<\/p>\n<p>&#8211; Durada de la prova escrita: aproximadament 3h 40\u2019 (incl\u00f2s un descans de 30\u2019)<\/p>\n<p>&#8211; Durada de la prova oral: entre 15\u2019 i 20\u2019 aprox. (El dia de la prova escrita es lliura la convocat\u00f2ria per fer la prova oral que no coincidir\u00e0 amb la data de la prova escrita)<\/p>\n<p><b>Puc escollir la data de la part oral de l\u2019examen lliure?<\/b><\/p>\n<p>El dia de la prova escrita rebreu la convocat\u00f2ria de la prova oral. No es pot escollir la data. Tot i aix\u00f2, si el candidat t\u00e9 alguna incid\u00e8ncia prevista amb anterioritat a l\u2019examen, es pot posar en contacte amb el\/la Cap d\u2019estudis de l\u2019EOI per resoldre-la.<\/p>\n<p>Quan es rep la convocat\u00f2ria oral el dia de l\u2019examen escrit, es pot fer una permuta amb algun\/a altre\/a candidat\/a si ambd\u00f3s hi estan d\u2019acord. Ser\u00e0 imprescindible demanar el canvi al \/ a la cap d\u2019estudis per a qu\u00e8 es pugui concedir.<\/p>\n<p><b>Com puc obtenir el t\u00edtol un cop aprovat l\u2019examen que he fet com a alumne\/a lliure?<\/b><\/p>\n<p>A la p\u00e0gina web de l\u2019EOI de Terrassa teniu la informaci\u00f3 amb les instruccions per sol\u00b7licitar els certificats de nivell B1,\u00a0 B2 o\u00a0 C1.<\/p>\n<p>El certificat B1 \u00e9s gratu\u00eft i es pot recollir a l\u2019EOI poc despr\u00e9s d\u2019haver aprovat l\u2019examen.<\/p>\n<p>Per tramitar els t\u00edtols de B2 i\/o C1 s\u2019han d\u2019abonar unes taxes. El termini de lliurament dels t\u00edtols \u00e9s d\u2019uns dos anys aproximadament, tot i que es pot obtenir un resguard amb els mateixos efectes legals. Quan els t\u00edtols arriben al centre, es comunica a l\u2019interessat\/ada per a la seva recollida.<\/p>\n<p><b><a id=\"cursosestiu\"><\/a>CURSOS D\u2019ESTIU<\/b><\/p>\n<p><b>Un curs d\u2019estiu em dona dret a una pla\u00e7a per a un curs ordinari com a alumne oficial?<\/b><\/p>\n<p>No. Els cursos d\u2019estiu no formen part de l\u2019ensenyament reglat ja que pertanyen al r\u00e8gim de cursos especials d\u2019educaci\u00f3 permanent i de perfeccionament. Si un alumne\/a vol continuar els seus estudis a l\u2019hivern, ha de fer la preinscripci\u00f3. Tot i aix\u00f2, si el curs d\u2019estiu s\u2019ha fet el mateix any, la nota del curs d\u2019estiu permet la preinscripci\u00f3 a un curs concret <b>sense haver de fer<\/b> prova de nivell.<\/p>\n<p><b>Si s\u00f3c alumne\/a oficial, he de passar el test de nivell del curs d\u2019estiu?<\/b><\/p>\n<p>No. Si sou o heu estat alumne\/a durant el mateix curs acad\u00e8mic podeu fer el curs d\u2019estiu del nivell immediatament superior a l\u2019aprovat en el curs extensiu sense necessitat de fer el test de nivell del curs d\u2019estiu.<\/p>\n<p><b>Puc fer un curs d\u2019estiu al setembre?<\/b><\/p>\n<p>A l\u2019EOI de Terrassa no. Aqu\u00ed nom\u00e9s s\u2019imparteixen cursos intensius d\u2019estiu el mes de juliol.<\/p>\n<p><strong>A partir de quina edat puc seguir un curs d&#8217;estiu?<\/strong><\/p>\n<p>L&#8217;edat\u00a0m\u00ednima per estudiar cursos d&#8217;estiu EOI \u00e9s la seg\u00fcent:<\/p>\n<p>Si s\u00f3n cursos monogr\u00e0fics:<\/p>\n<ul>\n<li>per a qualsevol llengua cal haver complert els 16 anys (o fer-los l\u2019any natural en qu\u00e8 s\u2019efectua la matr\u00edcula)<\/li>\n<li>per a una llengua diferent de la cursada com a primera llengua estrangera a l\u2019educaci\u00f3 secund\u00e0ria obligat\u00f2ria cal\u00a0haver complert els 14 anys<\/li>\n<\/ul>\n<p>Si s\u00f3n cursos instrumentals cal haver complert els 14 anys.<\/p>\n<p><b><a id=\"certificats\"><\/a>CERTIFICATS I EQUIVAL\u00c8NCIES<\/b><\/p>\n<p><b>Com a alumne\/a de l\u2019EOI de Terrassa, quina certificaci\u00f3 puc tenir?<\/b><\/p>\n<p>Certificat de Nivell B\u00e0sic A2 lliurat per l\u2019EOI un cop superat el nivell A2 de l\u2019EOI.<\/p>\n<p>Certificat de Nivell Intermedi B1 un cop superades les proves unificades a tota Catalunya de nivell\u00a0 B1.<\/p>\n<p>Certificat de Nivell Intermedi B2 un cop superades les proves unificades a tota Catalunya de nivell B2.<\/p>\n<p>Certificat de Nivell Avan\u00e7at C1 un cop superades les proves unificades a tota Catalunya de nivell C1 de l\u2019EOI. (\u00danicament per Angl\u00e8s i Alemany)<\/p>\n<p><b>El certificat de nivell intermedi B2 de l&#8217;EOI m&#8217;acredita per fer classes de la llengua corresponent?<\/b><\/p>\n<p>El certificat que acredita un nivell B2 del Marc Europeu Com\u00fa de Refer\u00e8ncia no \u00e9s un nivell de compet\u00e8ncia suficient per impartir classes de llengua.<\/p>\n<p>Consulteu aquest <a href=\"https:\/\/educacio.gencat.cat\/ca\/serveis-tramits\/treballa-amb-nosaltres\/borses-treball\/personal-interi-docent\/incorporacio-borsa\/requisits\/index.html\">enlla\u00e7<\/a> al web del Departament d\u2019Educaci\u00f3 i Formaci\u00f3 Professional per con\u00e8ixer els requisits per accedir a la borsa de treball de personal docent de centres p\u00fablics.<\/p>\n<p><b>Els estudis cursats a l\u2019EOI tenen reconeixement com a cr\u00e8dits a les carreres universit\u00e0ries? Quants cr\u00e8dits universitaris convaliden els cursos d\u2019estiu?<\/b><\/p>\n<p>Algunes universitats catalanes reconeixen els cursos reglats, i de vegades tamb\u00e9 els cursos d\u2019estiu, de les EOI com a cr\u00e8dits de lliure elecci\u00f3. Per a m\u00e9s informaci\u00f3 cal adre\u00e7ar-se a la secretaria de la facultat on s\u2019est\u00e0 matriculat.<\/p>\n<p><b>Qu\u00e8 significa l\u2019A1, A2, B1 &#8230; del MECR?<\/b><\/p>\n<p>Una de les finalitats del Marc Europeu Com\u00fa de Refer\u00e8ncia (MECR) \u00e9s ajudar els usuaris a descriure els nivells de domini de la llengua exigits pels ex\u00e0mens i programes d\u2019avaluaci\u00f3 existents per tal de facilitar les comparacions entre diferents sistemes de qualificacions dins de la Comunitat Europea. La correspond\u00e8ncia d\u2019aquest nivells amb els certificats de l\u2019EOI \u00e9s la seg\u00fcent:<\/p>\n<table>\n<tbody>\n<tr>\n<td><b>Curs EOI<\/b><\/td>\n<td><b>Certificat EOI\u00a0<\/b><\/td>\n<td><b>Correspond\u00e8ncia MECR<\/b><\/td>\n<\/tr>\n<tr>\n<td>A2<\/td>\n<td>Nivell B\u00e0sic<\/td>\n<td>A2<\/td>\n<\/tr>\n<tr>\n<td>B1<\/td>\n<td>Nivell Intermedi B1<\/td>\n<td>B1<\/td>\n<\/tr>\n<tr>\n<td>B2.2<\/td>\n<td>Nivell Intermedi B2<\/td>\n<td>B2<\/td>\n<\/tr>\n<tr>\n<td>C1<\/td>\n<td>Nivell Avan\u00e7at C1<\/td>\n<td>C1<\/td>\n<\/tr>\n<\/tbody>\n<\/table>\n<p><b>Quines equival\u00e8ncies tenen els cursos de l\u2019EOI de Terrassa amb altres institucions com ara l\u2019Institut Franc\u00e8s, el Goethe Institut, l\u2019Institut Brit\u00e0nic, Cambridge, etc?<\/b><\/p>\n<p>No hi ha equival\u00e8ncies directes dels nivells de les EOI amb les altres institucions, excepte per al Certificat de nivell B1 i el Certificat de nivell B2 d\u2019espanyol i tots els nivells de catal\u00e0, per\u00f2 s\u00ed que hi ha correspond\u00e8ncia de nivells amb els del Marc Europeu Com\u00fa de Refer\u00e8ncia. Els usuaris en possessi\u00f3 dels certificats reconeguts poden accedir directament a un nivell concret d\u2019estudis, sense haver de realitzar la prova de nivell. M\u00e9s informaci\u00f3:<a href=\"http:\/\/queestudiar.gencat.cat\/ca\/preinscripcio\/estudis\/idiomes\/test-nivell\/\"> aqu\u00ed<\/a><\/p>\n<p><b>Els t\u00edtols que emeteu, s\u00f3n oficials?<\/b><\/p>\n<p>Les EOI com a centres que depenen del Departament d\u2019Educaci\u00f3 i Formaci\u00f3 Professional, emeten els t\u00edtols oficials establerts per normativa.<\/p>\n<p><b>Els t\u00edtols de l\u2019EOI s\u00f3n v\u00e0lids fora de l\u2019Estat?<\/b><\/p>\n<p>Els t\u00edtols de les EOI venen amb la nomenclatura del MECR (Marc Europeu Com\u00fa de Refer\u00e8ncia) v\u00e0lida a tota la comunitat europea.<\/p>\n<p><b>Els t\u00edtols de les EOI es poden emetre en la llengua que ha estat objecte d\u2019estudi?<\/b><\/p>\n<p>No. Com a centres que depenen de la Generalitat de Catalunya, s\u2019emeten en catal\u00e0 i castell\u00e0.<\/p>\n<p><b>Els t\u00edtols de les EOI caduquen?<\/b><\/p>\n<p>No. Com a t\u00edtols oficials que s\u00f3n, no caduquen mai.<\/p>\n<p><b><a id=\"trasllat\"><\/a>TRASLLAT<\/b><\/p>\n<p><b>Si estic matriculat en una EOI i em vull traslladar a l\u2019EOI de Terrassa durant el curs, qu\u00e8 he de fer?<\/b><\/p>\n<p>Primer que tot, haur\u00edeu de trucar (93 7861100) o enviar un mail (secretaria@eoiterrassa.cat) per assabentar-vos si hi ha disponibilitat de pla\u00e7a a l\u2019idioma, curs i grup que us interessa. En cas d\u2019haver-hi pla\u00e7a, cal portar la <a href=\"https:\/\/agora-eoi.xtec.cat\/eoiterrassa\/wp-content\/uploads\/usu2242\/2023\/07\/Sol._Trasllat-Exp_altres-Comunitats.pdf\">sol\u00b7licitud de trasllat<\/a> i el justificant de pagament de matr\u00edcula de l\u2019EOI d\u2019origen.<\/p>\n<p>De manera extraordin\u00e0ria i dins el per\u00edode no lectiu, els alumnes <b>oficials<\/b>, un cop hagin formalitzat la matr\u00edcula al juliol al seu centre d\u2019origen, poden sol\u00b7licitar un trasllat de matr\u00edcula a una altra escola un cop s\u2019acabi el termini de matr\u00edcula del juliol, consulteu la web per saber els dies espec\u00edfics. La sol\u00b7licitud es far\u00e0 presencialment a l\u2019escola de destinaci\u00f3, i quedar\u00e0 condicionada a la disponibilitat de places.<\/p>\n<p><b>Qu\u00e8 \u00e9s una matricula viva?<\/b><\/p>\n<p>Si despr\u00e9s de formalitzar la matr\u00edcula en un centre, un alumne demana poder continuar el curs en un altre centre durant el curs acad\u00e8mic, el trasllat s\u2019anomena trasllat de matr\u00edcula viva.<\/p>\n<p>Els trasllats de matr\u00edcula viva, entre escoles oficials d\u2019idiomes de Catalunya, no tenen efectes econ\u00f2mics. Els alumnes que arribin d&#8217;una EOI d&#8217;una altra comunitat aut\u00f2noma hauran de pagar la totalitat de la taxa per serveis acad\u00e8mics (Llei 20\/2001 de 28 de desembre de Taxes i Preus p\u00fablics de la Generalitat de Catalunya).<\/p>\n<p><b><a id=\"tramits\"><\/a>TR\u00c0MITS ADMINISTRATIUS<\/b><\/p>\n<p>A l\u2019apartat <a href=\"https:\/\/agora-eoi.xtec.cat\/eoiterrassa\/altres_cursos\/tramits-alumnat\/#4\">Tr\u00e0mits de l\u2019alumnat<\/a> dins de l\u2019apartat \u201cSecretaria\u201d de la p\u00e0gina web de l\u2019EOI de Terrassa trobareu l\u2019acc\u00e9s directe als documents per realitzar els diferents tr\u00e0mits administratius.<\/p>\n<p><b><a id=\"carnet\"><\/a>CARNET D\u2019ALUMNE\/A<\/b><\/p>\n<p><b>Hi ha un carnet d\u2019estudiant?<\/b><\/p>\n<p>Un cop matriculat, si l\u2019alumne\/a ho vol, pot descarregar o imprimir el seu carnet d&#8217;estudiant des del seu expedient, clicant al web de l\u2019escola l\u2019icona del birret (<a href=\"https:\/\/www.informaticacentros.com\/centrosnet\/ultralogin.php?tcentro=EOI&amp;centro=b05\" target=\"_blank\" rel=\"noopener\" data-saferedirecturl=\"https:\/\/www.google.com\/url?q=https:\/\/www.informaticacentros.com\/centrosnet\/ultralogin.php?tcentro%3DEOI%26centro%3Db05&amp;source=gmail&amp;ust=1666855850168000&amp;usg=AOvVaw3zwwVyw6IwTRGDajtnyItO\">\u00c0rea alumnat<\/a>). A part d&#8217;identificar-li com a alumnat del centre, aquest carnet pot ser \u00fatil tamb\u00e9 per obtenir reduccions en altres institucions culturals que accepten carnets d\u2019estudiants, per\u00f2 cal consultar-ho a la instituci\u00f3 en q\u00fcesti\u00f3. M\u00e9s informaci\u00f3 <a href=\"https:\/\/agora-eoi.xtec.cat\/eoiterrassa\/serveis\/carnet-destudiant\/\">aqu\u00ed<\/a><\/p>\n<p>El pagament dels 30 \u20ac per l&#8217;acc\u00e9s a la plataforma i materials did\u00e0ctics dona dret al carnet i serveix tamb\u00e9 per fer \u00fas del servei de pr\u00e9stec de la biblioteca.<\/p>\n","protected":false},"excerpt":{"rendered":"<p>TEMES Acc\u00e9s als estudis Preinscripci\u00f3 Matr\u00edcula Preus Assist\u00e8ncia Cursos i horaris Cursos monogr\u00e0fics Avaluaci\u00f3 Ex\u00e0mens (Ex\u00e0mens oficials\/ ex\u00e0mens lliures) Cursos d\u2019estiu Certificats i equival\u00e8ncies Trasllat Tr\u00e0mits administratius Carnet d\u2019alumne\/a ACC\u00c9S ALS ESTUDIS A partir de quina edat puc accedir a una EOI? L\u2019edat m\u00ednima per estudiar cursos OFICIALS a les EOI \u00e9s la seg\u00fcent: per [&hellip;]<\/p>\n","protected":false},"author":1,"featured_media":0,"parent":0,"menu_order":0,"comment_status":"closed","ping_status":"closed","template":"","meta":{"site-sidebar-layout":"default","site-content-layout":"","ast-site-content-layout":"default","site-content-style":"default","site-sidebar-style":"default","ast-global-header-display":"","ast-banner-title-visibility":"","ast-main-header-display":"","ast-hfb-above-header-display":"","ast-hfb-below-header-display":"","ast-hfb-mobile-header-display":"","site-post-title":"","ast-breadcrumbs-content":"","ast-featured-img":"","footer-sml-layout":"","theme-transparent-header-meta":"","adv-header-id-meta":"","stick-header-meta":"","header-above-stick-meta":"","header-main-stick-meta":"","header-below-stick-meta":"","astra-migrate-meta-layouts":"set","ast-page-background-enabled":"default","ast-page-background-meta":{"desktop":{"background-color":"var(--ast-global-color-4)","background-image":"","background-repeat":"repeat","background-position":"center center","background-size":"auto","background-attachment":"scroll","background-type":"","background-media":"","overlay-type":"","overlay-color":"","overlay-opacity":"","overlay-gradient":""},"tablet":{"background-color":"","background-image":"","background-repeat":"repeat","background-position":"center center","background-size":"auto","background-attachment":"scroll","background-type":"","background-media":"","overlay-type":"","overlay-color":"","overlay-opacity":"","overlay-gradient":""},"mobile":{"background-color":"","background-image":"","background-repeat":"repeat","background-position":"center center","background-size":"auto","background-attachment":"scroll","background-type":"","background-media":"","overlay-type":"","overlay-color":"","overlay-opacity":"","overlay-gradient":""}},"ast-content-background-meta":{"desktop":{"background-color":"var(--ast-global-color-5)","background-image":"","background-repeat":"repeat","background-position":"center center","background-size":"auto","background-attachment":"scroll","background-type":"","background-media":"","overlay-type":"","overlay-color":"","overlay-opacity":"","overlay-gradient":""},"tablet":{"background-color":"var(--ast-global-color-5)","background-image":"","background-repeat":"repeat","background-position":"center center","background-size":"auto","background-attachment":"scroll","background-type":"","background-media":"","overlay-type":"","overlay-color":"","overlay-opacity":"","overlay-gradient":""},"mobile":{"background-color":"var(--ast-global-color-5)","background-image":"","background-repeat":"repeat","background-position":"center center","background-size":"auto","background-attachment":"scroll","background-type":"","background-media":"","overlay-type":"","overlay-color":"","overlay-opacity":"","overlay-gradient":""}},"footnotes":""},"class_list":["post-12203","page","type-page","status-publish","hentry"],"post_mailing_queue_ids":[],"_links":{"self":[{"href":"https:\/\/agora-eoi.xtec.cat\/eoiterrassa\/wp-json\/wp\/v2\/pages\/12203","targetHints":{"allow":["GET"]}}],"collection":[{"href":"https:\/\/agora-eoi.xtec.cat\/eoiterrassa\/wp-json\/wp\/v2\/pages"}],"about":[{"href":"https:\/\/agora-eoi.xtec.cat\/eoiterrassa\/wp-json\/wp\/v2\/types\/page"}],"author":[{"embeddable":true,"href":"https:\/\/agora-eoi.xtec.cat\/eoiterrassa\/wp-json\/wp\/v2\/users\/1"}],"replies":[{"embeddable":true,"href":"https:\/\/agora-eoi.xtec.cat\/eoiterrassa\/wp-json\/wp\/v2\/comments?post=12203"}],"version-history":[{"count":6,"href":"https:\/\/agora-eoi.xtec.cat\/eoiterrassa\/wp-json\/wp\/v2\/pages\/12203\/revisions"}],"predecessor-version":[{"id":18390,"href":"https:\/\/agora-eoi.xtec.cat\/eoiterrassa\/wp-json\/wp\/v2\/pages\/12203\/revisions\/18390"}],"wp:attachment":[{"href":"https:\/\/agora-eoi.xtec.cat\/eoiterrassa\/wp-json\/wp\/v2\/media?parent=12203"}],"curies":[{"name":"wp","href":"https:\/\/api.w.org\/{rel}","templated":true}]}}