{"id":9060,"date":"2023-10-17T11:11:29","date_gmt":"2023-10-17T09:11:29","guid":{"rendered":"https:\/\/agora-eoi.xtec.cat\/eoitarrega\/?page_id=9060"},"modified":"2025-03-07T11:34:29","modified_gmt":"2025-03-07T10:34:29","slug":"politica-de-qualitat-pqmc","status":"publish","type":"page","link":"https:\/\/agora-eoi.xtec.cat\/eoitarrega\/pagines-dinici\/politica-de-qualitat-pqmc\/","title":{"rendered":"Pol\u00edtica de qualitat &#8211; PQMC"},"content":{"rendered":"<p><a href=\"https:\/\/agora-eoi.xtec.cat\/eoitarrega\/wp-content\/uploads\/usu2260\/2023\/10\/logo_transp.png\"><img loading=\"lazy\" decoding=\"async\" class=\"alignnone size-full wp-image-9045\" src=\"https:\/\/agora-eoi.xtec.cat\/eoitarrega\/wp-content\/uploads\/usu2260\/2023\/10\/logo_transp.png\" alt=\"\" width=\"638\" height=\"168\" srcset=\"https:\/\/agora-eoi.xtec.cat\/eoitarrega\/wp-content\/uploads\/usu2260\/2023\/10\/logo_transp.png 638w, https:\/\/agora-eoi.xtec.cat\/eoitarrega\/wp-content\/uploads\/usu2260\/2023\/10\/logo_transp-300x79.png 300w\" sizes=\"auto, (max-width: 638px) 100vw, 638px\" \/><\/a><\/p>\n<p style=\"text-align: justify;\">Des del 2011, l\u2019escola t\u00e9 el comprom\u00eds d\u2019avan\u00e7ar en la qualitat i millora cont\u00ednua.<\/p>\n<p style=\"text-align: justify;\">Hi ha tres objectius generals: millora de resultats, millora de la cohesi\u00f3 social i millora de les relacions amb l\u2019entorn. Cada curs, es fixen els objectius anuals corresponents aix\u00ed com les estrat\u00e8gies i les activitats relacionades que queden reflectides a la Programaci\u00f3 General Anual (PGA).<\/p>\n<p style=\"text-align: justify;\">S\u2019analitzen els resultats obtinguts (acad\u00e8mics, activitats i d\u2019enquestes) i es tenen en compte les aportacions de tota la comunitat escolar (queixes i suggeriments) per poder corregir les accions encetades i anar sempre en el cam\u00ed de la millora cont\u00ednua.<\/p>\n<p style=\"text-align: justify;\"><strong>Certificaci\u00f3 Norma ISO 9001<\/strong><\/p>\n<p style=\"text-align: justify;\">La Certificaci\u00f3 ISO 9001 garanteix tra\u00e7abilitat, fiabilitat i comprom\u00eds de millora cont\u00ednua en totes les activitats relacionades amb l\u2019ensenyament reglat. Cada any, l\u2019escola t\u00e9 dues auditories: una \u00e9s interna (realitzada per companys d\u2019altres escoles) i l\u2019altra \u00e9s externa, a c\u00e0rrec d\u2019una ag\u00e8ncia especialitzada.<\/p>\n<p><a href=\"https:\/\/agora-eoi.xtec.cat\/eoitarrega\/wp-content\/uploads\/usu2260\/2025\/03\/CERTIFICAT-NORMA-9001-APPLUS.pdf\">CERTIFICAT NORMA 9001 APPLUS<\/a><\/p>\n<p><a href=\"https:\/\/agora-eoi.xtec.cat\/eoitarrega\/wp-content\/uploads\/usu2260\/2023\/10\/logos-qualitat.jpg\"><img loading=\"lazy\" decoding=\"async\" class=\"alignnone size-full wp-image-9061\" src=\"https:\/\/agora-eoi.xtec.cat\/eoitarrega\/wp-content\/uploads\/usu2260\/2023\/10\/logos-qualitat.jpg\" alt=\"\" width=\"251\" height=\"201\" \/><\/a><\/p>\n<h2><strong>POL\u00cdTICA DE LA QUALITAT<\/strong><\/h2>\n<p style=\"text-align: justify;\">L\u2019Escola Oficial d\u2019Idiomes de T\u00e0rrega disposa de la norma de refer\u00e8ncia UNE-EN ISO 9001: 2015 com a eina d\u2019implantaci\u00f3 de la Qualitat i Millora Cont\u00ednua i d\u2019acord amb la normativa vigent i els requisits establerts per l\u2019administraci\u00f3 educativa, la Pol\u00edtica de la Qualitat enunciada per la Direcci\u00f3 de l\u2019Escola \u00e9s:<\/p>\n<ul>\n<li>\u00a0Per a l\u2019assoliment dels seus objectius, l\u2019Escola Oficial d\u2019Idiomes compta amb un sistema de gesti\u00f3 basat en la Qualitat i Millora Continuat.<\/li>\n<li>L\u2019actuaci\u00f3 de l\u2019Escola, d\u2019acord amb el Projecte Educatiu de Centre (PEC), est\u00e0 dirigida a:<\/li>\n<li style=\"list-style-type: none;\">\n<ul>\n<li style=\"text-align: justify;\">Satisfer les expectatives i necessitats educatives de l\u2019alumnat i la fam\u00edlia (per a l\u2019alumnat menor d\u2019edat).<\/li>\n<li style=\"text-align: justify;\">Contribuir a l\u2019assoliment dels objectius que la societat, grups d\u2019inter\u00e8s i entorn d\u2019influ\u00e8ncia li assignen com a Centre P\u00fablic d\u2019Educaci\u00f3.\u00a0 Implicar el conjunt de tot l\u2019equip hum\u00e0 de l\u2019Escola, per tal de garantir l\u2019excel\u00b7l\u00e8ncia i satisfacci\u00f3 de tots els grups d\u2019inter\u00e8s.<\/li>\n<li style=\"text-align: justify;\">La millora cont\u00ednua de les activitats i els serveis que desenvolupa i presta.<\/li>\n<\/ul>\n<\/li>\n<\/ul>\n<p style=\"text-align: justify;\">El comprom\u00eds amb la Qualitat i Millora Cont\u00ednua afecta a l\u2019escola en la seva totalitat i \u00e9s una responsabilitat de tot l\u2019equip professional que integra el centre. L\u2019equip directiu vetllar\u00e0 per facilitar-ne l\u2019assoliment a trav\u00e9s de la gesti\u00f3 i amb els mitjans de qu\u00e8 disposi.<\/p>\n","protected":false},"excerpt":{"rendered":"<p><a href=\"https:\/\/agora-eoi.xtec.cat\/eoitarrega\/wp-content\/uploads\/usu2260\/2023\/10\/logo_transp.png\"><\/a><br \/>\nDes del 2011, l\u2019escola t\u00e9 el comprom\u00eds d\u2019avan\u00e7ar en la qualitat i millora cont\u00ednua.<br \/>\nHi ha tres objectius generals: millora de resultats, millora de la cohesi\u00f3 social i millora de les relacions amb l\u2019entorn. Cada curs, es fixen els objectius anuals corresponents aix\u00ed com les&hellip;  <a href=\"https:\/\/agora-eoi.xtec.cat\/eoitarrega\/pagines-dinici\/politica-de-qualitat-pqmc\/\" title=\"Read Pol\u00edtica de qualitat &#8211; PQMC\">Llegeix m\u00e9s\u00bb<\/a><\/p>\n","protected":false},"author":1,"featured_media":0,"parent":7,"menu_order":0,"comment_status":"closed","ping_status":"closed","template":"","meta":{"_bbp_topic_count":0,"_bbp_reply_count":0,"_bbp_total_topic_count":0,"_bbp_total_reply_count":0,"_bbp_voice_count":0,"_bbp_anonymous_reply_count":0,"_bbp_topic_count_hidden":0,"_bbp_reply_count_hidden":0,"_bbp_forum_subforum_count":0,"footnotes":""},"class_list":["post-9060","page","type-page","status-publish","hentry"],"post_mailing_queue_ids":[],"_links":{"self":[{"href":"https:\/\/agora-eoi.xtec.cat\/eoitarrega\/wp-json\/wp\/v2\/pages\/9060","targetHints":{"allow":["GET"]}}],"collection":[{"href":"https:\/\/agora-eoi.xtec.cat\/eoitarrega\/wp-json\/wp\/v2\/pages"}],"about":[{"href":"https:\/\/agora-eoi.xtec.cat\/eoitarrega\/wp-json\/wp\/v2\/types\/page"}],"author":[{"embeddable":true,"href":"https:\/\/agora-eoi.xtec.cat\/eoitarrega\/wp-json\/wp\/v2\/users\/1"}],"replies":[{"embeddable":true,"href":"https:\/\/agora-eoi.xtec.cat\/eoitarrega\/wp-json\/wp\/v2\/comments?post=9060"}],"version-history":[{"count":4,"href":"https:\/\/agora-eoi.xtec.cat\/eoitarrega\/wp-json\/wp\/v2\/pages\/9060\/revisions"}],"predecessor-version":[{"id":10126,"href":"https:\/\/agora-eoi.xtec.cat\/eoitarrega\/wp-json\/wp\/v2\/pages\/9060\/revisions\/10126"}],"up":[{"embeddable":true,"href":"https:\/\/agora-eoi.xtec.cat\/eoitarrega\/wp-json\/wp\/v2\/pages\/7"}],"wp:attachment":[{"href":"https:\/\/agora-eoi.xtec.cat\/eoitarrega\/wp-json\/wp\/v2\/media?parent=9060"}],"curies":[{"name":"wp","href":"https:\/\/api.w.org\/{rel}","templated":true}]}}