{"id":10438,"date":"2025-09-26T11:51:58","date_gmt":"2025-09-26T09:51:58","guid":{"rendered":"https:\/\/agora-eoi.xtec.cat\/eoitarrega\/?page_id=10438"},"modified":"2025-11-21T10:27:44","modified_gmt":"2025-11-21T09:27:44","slug":"projecte-erasmus","status":"publish","type":"page","link":"https:\/\/agora-eoi.xtec.cat\/eoitarrega\/projecte-erasmus\/","title":{"rendered":"Projecte Erasmus+"},"content":{"rendered":"<p>&nbsp;<\/p>\n<p><a href=\"https:\/\/agora-eoi.xtec.cat\/eoitarrega\/wp-content\/uploads\/usu2260\/2025\/09\/titol-erasmus-banner.png\"><img loading=\"lazy\" decoding=\"async\" class=\"alignnone wp-image-10452\" src=\"https:\/\/agora-eoi.xtec.cat\/eoitarrega\/wp-content\/uploads\/usu2260\/2025\/09\/titol-erasmus-banner-300x174.png\" alt=\"\" width=\"436\" height=\"253\" srcset=\"https:\/\/agora-eoi.xtec.cat\/eoitarrega\/wp-content\/uploads\/usu2260\/2025\/09\/titol-erasmus-banner-300x174.png 300w, https:\/\/agora-eoi.xtec.cat\/eoitarrega\/wp-content\/uploads\/usu2260\/2025\/09\/titol-erasmus-banner-1024x593.png 1024w, https:\/\/agora-eoi.xtec.cat\/eoitarrega\/wp-content\/uploads\/usu2260\/2025\/09\/titol-erasmus-banner-768x444.png 768w, https:\/\/agora-eoi.xtec.cat\/eoitarrega\/wp-content\/uploads\/usu2260\/2025\/09\/titol-erasmus-banner.png 1130w\" sizes=\"auto, (max-width: 436px) 100vw, 436px\" \/><\/a><a href=\"https:\/\/agora-eoi.xtec.cat\/eoitarrega\/wp-content\/uploads\/usu2260\/2025\/09\/logoerasmuseoi-europa-sense-fons.png\"> <img loading=\"lazy\" decoding=\"async\" class=\"alignnone wp-image-10451\" src=\"https:\/\/agora-eoi.xtec.cat\/eoitarrega\/wp-content\/uploads\/usu2260\/2025\/09\/logoerasmuseoi-europa-sense-fons-300x176.png\" alt=\"\" width=\"432\" height=\"253\" srcset=\"https:\/\/agora-eoi.xtec.cat\/eoitarrega\/wp-content\/uploads\/usu2260\/2025\/09\/logoerasmuseoi-europa-sense-fons-300x176.png 300w, https:\/\/agora-eoi.xtec.cat\/eoitarrega\/wp-content\/uploads\/usu2260\/2025\/09\/logoerasmuseoi-europa-sense-fons-768x450.png 768w, https:\/\/agora-eoi.xtec.cat\/eoitarrega\/wp-content\/uploads\/usu2260\/2025\/09\/logoerasmuseoi-europa-sense-fons.png 1024w\" sizes=\"auto, (max-width: 432px) 100vw, 432px\" \/><\/a><\/p>\n<p><a href=\"https:\/\/agora-eoi.xtec.cat\/eoitarrega\/wp-content\/uploads\/usu2260\/2025\/09\/Erasmus-EOI-Tarrega-amb-Globe11.png\">\u00a0<\/a><\/p>\n<h2><span style=\"color: #000080;\"><strong>ACREDITACI\u00d3 ERASMUS+<\/strong><\/span><\/h2>\n<p>L&#8217;any 2024 el <span class=\"C9DxTc \">SEPIE (<\/span><span class=\"C9DxTc \">Servicio Espa\u00f1ol para la Internacionalizaci\u00f3n de la Educaci\u00f3n) va seleccionar el nostre projecte Erasmus+ que t\u00e9 per t\u00edtol <strong>&#8221;EOInclusi\u00f3: una experi\u00e8ncia Erasmus en expressi\u00f3 oral i escrita&#8221;<\/strong>.<\/span><\/p>\n<p data-start=\"113\" data-end=\"479\">Aquest projecte, que tindr\u00e0 lloc entre els anys 2025 i 2028, ens ofereix l\u2019oportunitat de dur a terme mobilitats i formacions adre\u00e7ades al professorat amb l\u2019objectiu d\u2019aprendre noves estrat\u00e8gies per afavorir la inclusi\u00f3 del nostre alumnat, especialment d\u2019aquells amb necessitats educatives espec\u00edfiques (NESE).<\/p>\n<p data-start=\"481\" data-end=\"690\">Al mateix temps, el projecte ens permetr\u00e0 desenvolupar recursos i metodologies per potenciar l\u2019expressi\u00f3 oral i escrita de tot l\u2019alumnat, contribuint aix\u00ed a una millora global de la compet\u00e8ncia comunicativa.<\/p>\n<p data-start=\"692\" data-end=\"815\">Amb aquesta iniciativa, volem continuar avan\u00e7ant cap a una educaci\u00f3 m\u00e9s inclusiva, equitativa i de qualitat per a tothom.<\/p>\n<p>&nbsp;<\/p>\n<p><span style=\"color: #000080;\">Podeu consultar el diari d\u2019activitats Erasmus+ al seg\u00fcent enlla\u00e7:<\/span><\/p>\n<h2><a href=\"https:\/\/agora-eoi.xtec.cat\/eoitarrega\/?page_id=10538&amp;preview=true\">ACTIVITATS ERASMUS+<\/a><\/h2>\n<p>&nbsp;<\/p>\n<p><a href=\"https:\/\/agora-eoi.xtec.cat\/eoitarrega\/wp-content\/uploads\/usu2260\/2025\/09\/SEPIE_erasmus_plus.gif\"><img loading=\"lazy\" decoding=\"async\" class=\"alignnone wp-image-10443\" src=\"https:\/\/agora-eoi.xtec.cat\/eoitarrega\/wp-content\/uploads\/usu2260\/2025\/09\/SEPIE_erasmus_plus-300x111.gif\" alt=\"\" width=\"270\" height=\"100\" \/><\/a> <a href=\"https:\/\/agora-eoi.xtec.cat\/eoitarrega\/wp-content\/uploads\/usu2260\/2025\/09\/es_cofinanciado_por_la_union_europea_pos.png\"><img loading=\"lazy\" decoding=\"async\" class=\"alignnone wp-image-10442\" src=\"https:\/\/agora-eoi.xtec.cat\/eoitarrega\/wp-content\/uploads\/usu2260\/2025\/09\/es_cofinanciado_por_la_union_europea_pos-300x63.png\" alt=\"\" width=\"529\" height=\"111\" srcset=\"https:\/\/agora-eoi.xtec.cat\/eoitarrega\/wp-content\/uploads\/usu2260\/2025\/09\/es_cofinanciado_por_la_union_europea_pos-300x63.png 300w, https:\/\/agora-eoi.xtec.cat\/eoitarrega\/wp-content\/uploads\/usu2260\/2025\/09\/es_cofinanciado_por_la_union_europea_pos-1024x215.png 1024w, https:\/\/agora-eoi.xtec.cat\/eoitarrega\/wp-content\/uploads\/usu2260\/2025\/09\/es_cofinanciado_por_la_union_europea_pos-768x161.png 768w, https:\/\/agora-eoi.xtec.cat\/eoitarrega\/wp-content\/uploads\/usu2260\/2025\/09\/es_cofinanciado_por_la_union_europea_pos-1536x322.png 1536w, https:\/\/agora-eoi.xtec.cat\/eoitarrega\/wp-content\/uploads\/usu2260\/2025\/09\/es_cofinanciado_por_la_union_europea_pos-2048x429.png 2048w\" sizes=\"auto, (max-width: 529px) 100vw, 529px\" \/><\/a><\/p>\n","protected":false},"excerpt":{"rendered":"<p>&nbsp;<br \/>\n<a href=\"https:\/\/agora-eoi.xtec.cat\/eoitarrega\/wp-content\/uploads\/usu2260\/2025\/09\/titol-erasmus-banner.png\"><\/a><a href=\"https:\/\/agora-eoi.xtec.cat\/eoitarrega\/wp-content\/uploads\/usu2260\/2025\/09\/logoerasmuseoi-europa-sense-fons.png\"> <\/a><br \/>\n<a href=\"https:\/\/agora-eoi.xtec.cat\/eoitarrega\/wp-content\/uploads\/usu2260\/2025\/09\/Erasmus-EOI-Tarrega-amb-Globe11.png\">\u00a0<\/a><br \/>\nACREDITACI\u00d3 ERASMUS+<br \/>\nL&#8217;any 2024 el SEPIE (Servicio Espa\u00f1ol para la Internacionalizaci\u00f3n de la Educaci\u00f3n) va seleccionar el nostre projecte Erasmus+ que t\u00e9 per t\u00edtol &#8221;EOInclusi\u00f3: una experi\u00e8ncia Erasmus en expressi\u00f3 oral i escrita&#8221;.<br \/>\nAquest projecte, que tindr\u00e0 lloc entre els anys 2025 i&hellip;  <a href=\"https:\/\/agora-eoi.xtec.cat\/eoitarrega\/projecte-erasmus\/\" title=\"Read Projecte Erasmus+\">Llegeix m\u00e9s\u00bb<\/a><\/p>\n","protected":false},"author":1,"featured_media":0,"parent":0,"menu_order":0,"comment_status":"closed","ping_status":"closed","template":"","meta":{"_bbp_topic_count":0,"_bbp_reply_count":0,"_bbp_total_topic_count":0,"_bbp_total_reply_count":0,"_bbp_voice_count":0,"_bbp_anonymous_reply_count":0,"_bbp_topic_count_hidden":0,"_bbp_reply_count_hidden":0,"_bbp_forum_subforum_count":0,"footnotes":""},"class_list":["post-10438","page","type-page","status-publish","hentry"],"post_mailing_queue_ids":[],"_links":{"self":[{"href":"https:\/\/agora-eoi.xtec.cat\/eoitarrega\/wp-json\/wp\/v2\/pages\/10438","targetHints":{"allow":["GET"]}}],"collection":[{"href":"https:\/\/agora-eoi.xtec.cat\/eoitarrega\/wp-json\/wp\/v2\/pages"}],"about":[{"href":"https:\/\/agora-eoi.xtec.cat\/eoitarrega\/wp-json\/wp\/v2\/types\/page"}],"author":[{"embeddable":true,"href":"https:\/\/agora-eoi.xtec.cat\/eoitarrega\/wp-json\/wp\/v2\/users\/1"}],"replies":[{"embeddable":true,"href":"https:\/\/agora-eoi.xtec.cat\/eoitarrega\/wp-json\/wp\/v2\/comments?post=10438"}],"version-history":[{"count":6,"href":"https:\/\/agora-eoi.xtec.cat\/eoitarrega\/wp-json\/wp\/v2\/pages\/10438\/revisions"}],"predecessor-version":[{"id":10541,"href":"https:\/\/agora-eoi.xtec.cat\/eoitarrega\/wp-json\/wp\/v2\/pages\/10438\/revisions\/10541"}],"wp:attachment":[{"href":"https:\/\/agora-eoi.xtec.cat\/eoitarrega\/wp-json\/wp\/v2\/media?parent=10438"}],"curies":[{"name":"wp","href":"https:\/\/api.w.org\/{rel}","templated":true}]}}