{"id":8621,"date":"2023-10-30T11:24:49","date_gmt":"2023-10-30T10:24:49","guid":{"rendered":"http:\/\/agora-eoi.xtec.cat\/eoisalou\/?page_id=8621"},"modified":"2025-12-12T11:57:57","modified_gmt":"2025-12-12T10:57:57","slug":"consell-escolar","status":"publish","type":"page","link":"https:\/\/agora-eoi.xtec.cat\/eoisalou\/el-servei-educatiu\/organigrama\/consell-escolar\/","title":{"rendered":"Consell escolar"},"content":{"rendered":"<p style=\"text-align: justify;\">El Consell Escolar \u00e9s l\u2019\u00f2rgan de participaci\u00f3 de la comunitat educativa que s\u2019encarrega del control i gesti\u00f3 de l\u2019escola, amb funcions de seguiment i avaluaci\u00f3 de la programaci\u00f3 i de les activitats que es duen a terme a L\u2019EOI de Salou. L\u2019alumnat hi t\u00e9 quatre representants que elegeix peri\u00f2dicament. La principal funci\u00f3 d\u2019aquests representants \u00e9s la de fer de portaveu en les sessions de Consell Escolar dels suggeriments, preguntes i queixes que qualsevol alumne\/a, a iniciativa pr\u00f2pia o mitjan\u00e7ant els seus delegats o les seves delegades, els puguin fer arribar.<\/p>\n<p style=\"text-align: justify;\"><span style=\"font-weight: 400;\">Seguint la Llei Org\u00e0nica d\u2019Educaci\u00f3 2\/2006 (BOE 106 de 4-5-2006), espec\u00edficament el cap\u00edtol III, article 126, la composici\u00f3 del consell de l&#8217;EOI de Salou <\/span>constitu\u00eft el 12\/12\/2025, \u00e9s:<\/p>\n<p style=\"text-align: justify;\"><span style=\"color: #008080;\"><strong>MEMBRES NO ELECTES:<\/strong><\/span><\/p>\n<p style=\"text-align: justify;\"><strong>Representants de l\u2019equip directiu<\/strong><br \/>\nDirectora: Ana Maria Nieto<br \/>\n<span style=\"font-weight: 400;\">Secret\u00e0ria (amb veu per\u00f2 sense vot): <\/span>Olga Buj<\/p>\n<p style=\"text-align: justify;\"><strong>Representant de l\u2019Ajuntament<\/strong><br \/>\nJ\u00falia G\u00f3mez Mesonero<\/p>\n<p style=\"text-align: justify;\"><span style=\"color: #008080;\"><strong>MEMBRES ELECTES:<\/strong><\/span><br \/>\n<strong>Representants del professorat<\/strong><br \/>\nEmilie Taverne<br \/>\nAnna Singla<br \/>\nMaite Garc\u00eda<\/p>\n<p style=\"text-align: justify;\"><strong>Representants de l\u2019alumnat<\/strong><br \/>\n<span data-reader-unique-id=\"66\"><span style=\"font-weight: 400;\">Eric Salda\u00f1a Portella<\/span> \u00a0<\/span><br \/>\n<span style=\"font-weight: 400;\">Judit Aparicio Fern\u00e1ndez<\/span><br \/>\n<span style=\"font-weight: 400;\">Maria Isabel Cort\u00e9s Garc\u00eda<\/span><br \/>\n<span style=\"font-weight: 400;\">Meritxell Sangen\u00eds Puerto<\/span><\/p>\n<p style=\"text-align: justify;\"><strong>Representant del personal d\u2019administraci\u00f3 i serveis (PAS)<\/strong><br \/>\nCristina S\u00e1nchez<\/p>\n<p style=\"text-align: justify;\"><!--more--><\/p>\n<p style=\"text-align: justify;\"><span style=\"color: #008080;\"><strong>FUNCIONS<\/strong><\/span><\/p>\n<p style=\"text-align: justify;\">Corresponen al consell escolar les funcions seg\u00fcents:<\/p>\n<ul style=\"text-align: justify;\">\n<li>Aprovar el projecte educatiu i les modificacions corresponents per una majoria de tres cinquenes parts dels membres.<\/li>\n<li>Aprovar la programaci\u00f3 general anual del centre i avaluar-ne el desenvolupament i els resultats.<\/li>\n<li>Aprovar les propostes d&#8217;acords de corresponsabilitat, convenis i altres acords de col\u00b7laboraci\u00f3 del centre amb entitats o institucions.<\/li>\n<li>Aprovar les normes d&#8217;organitzaci\u00f3 i funcionament i les modificacions corresponents.<\/li>\n<li>Aprovar la carta de comprom\u00eds educatiu.<\/li>\n<li>Aprovar el pressupost del centre i el rendiment de comptes.<\/li>\n<li>Intervenir en el procediment d&#8217;admissi\u00f3 d&#8217;alumnes.<\/li>\n<li>Participar en el procediment de selecci\u00f3 i en la proposta de cessament del director o directora.<\/li>\n<li>Intervenir en la resoluci\u00f3 dels conflictes i, si escau, revisar les sancions als alumnes.<\/li>\n<li>Aprovar les directrius per a la programaci\u00f3 d&#8217;activitats escolars complement\u00e0ries i d&#8217;activitats extraescolars, i avaluar-ne el desenvolupament.<\/li>\n<li>Participar en les an\u00e0lisis i les avaluacions del funcionament general del centre i con\u00e8ixer l&#8217;evoluci\u00f3 del rendiment escolar.<\/li>\n<li>Aprovar els criteris de col\u00b7laboraci\u00f3 amb altres centres i amb l&#8217;entorn.<\/li>\n<li>Qualsevol altra que li sigui atribu\u00efda per les normes legals o reglament\u00e0ries.<\/li>\n<\/ul>\n<p style=\"text-align: justify;\"><span style=\"color: #008080;\"><strong>RENOVACI\u00d3 DE MEMBRES\u00a0<\/strong><\/span><\/p>\n<p style=\"text-align: justify;\">Les persones del consell escolar s\u00f3n elegides per <strong>un per\u00edode de quatre anys<\/strong> i es renoven per meitats cada dos anys.<\/p>\n<p style=\"text-align: justify;\">Les eleccions per a la constituci\u00f3 o renovaci\u00f3 de membres del consell escolar, les convoca el director o directora del centre p\u00fablic, amb quinze dies d&#8217;antelaci\u00f3, dintre del per\u00edode que fixa el Departament d&#8217;Ensenyament.<\/p>\n<p style=\"text-align: justify;\">Les <strong>vacants<\/strong> del consell escolar s&#8217;han d&#8217;ocupar pel procediment establert a les normes d&#8217;organitzaci\u00f3 i funcionament del centre; si aquestes no ho preveuen, les ha d&#8217;ocupar la seg\u00fcent candidatura m\u00e9s votada en les darreres eleccions. Si no hi ha m\u00e9s candidats o candidates per cobrir-les, romanen sense cobrir fins a la pr\u00f2xima renovaci\u00f3 del consell escolar.<\/p>\n<p style=\"text-align: justify;\">La condici\u00f3 de membre del consell escolar es perd quan es deixa el c\u00e0rrec que comporta ser-ne membre, quan es deixa de complir algun dels requisits per ser elegible o quan l&#8217;\u00f2rgan que l&#8217;ha designat en revoca la designaci\u00f3.<\/p>\n<p style=\"text-align: justify;\"><strong><span style=\"color: #008080;\">NORMATIVA<\/span><\/strong><\/p>\n<div class=\"col-sm-12 col-xs-12 columna_destacats\">\n<div class=\"inform_relacionada\">\n<div class=\"list-group__contentwrapper\" style=\"text-align: justify;\">\n<ul>\n<li>\n<p class=\"paragraph_wrapper\"><span class=\"list-group-item-wrapper-content\"><a class=\"\" title=\"Aquest enlla\u00e7 porta a un altre lloc web: Resoluci\u00f3 EDF\/2520\/2025, de 30 de juny,\" href=\"https:\/\/dogc.gencat.cat\/ca\/document-del-dogc\/?documentId=1019019\">Resoluci\u00f3 EDF\/2520\/2025, de 30 de juny, <\/a><\/span><span style=\"font-size: 16px;\">per la qual s&#8217;estableixen el calendari i el r\u00e8gim del proc\u00e9s electoral per renovar els membres dels consells escolars dels centres p\u00fablics i privats sostinguts amb fons p\u00fablics (DOGC n\u00fam. 9450, de 9.7.2025).<\/span><\/p>\n<\/li>\n<li>\n<p class=\"paragraph_wrapper\"><a class=\"\" title=\"Aquest enlla\u00e7 s'obre en una nova pestanya: Decret 102\/2010, de 3 d'agost,\" href=\"https:\/\/dogc.gencat.cat\/ca\/document-del-dogc\/?documentId=545262\" target=\"_blank\" rel=\"noopener\"><span class=\"list-group-item-wrapper-content\">Decret 102\/2010, de 3 d&#8217;agost<\/span><span class=\"sr-only\">\u00a0<\/span><\/a><span style=\"font-size: 16px;\">d&#8217;autonomia dels centres educatius (DOGC n\u00fam. 5686, de 5.8.2010).<\/span><\/p>\n<\/li>\n<li>\n<p class=\"paragraph_wrapper\"><a class=\"\" title=\"Aquest enlla\u00e7 s'obre en una nova pestanya: Llei 12\/2009, del 10 de juliol,\" href=\"https:\/\/dogc.gencat.cat\/ca\/document-del-dogc\/?documentId=480169\" target=\"_blank\" rel=\"noopener\"><span class=\"list-group-item-wrapper-content\">Llei 12\/2009, del 10 de juliol<\/span><span class=\"sr-only\">\u00a0<\/span><\/a><span style=\"font-size: 16px;\">d&#8217;educaci\u00f3 (DOGC n\u00fam. 5422, 16.7.2009).<\/span><\/p>\n<\/li>\n<li>\n<p class=\"paragraph_wrapper\"><a class=\"\" title=\"Aquest enlla\u00e7 s'obre en una nova pestanya: Decret 282\/2006, de 4 de juliol,\" href=\"https:\/\/dogc.gencat.cat\/ca\/document-del-dogc\/?documentId=404093\" target=\"_blank\" rel=\"noopener\"><span class=\"list-group-item-wrapper-content\">Decret 282\/2006, de 4 de juliol<\/span><span class=\"sr-only\">\u00a0<\/span><\/a><span style=\"font-size: 16px;\">pel qual es regulen el primer cicle de l&#8217;educaci\u00f3 infantil i els requisits dels centres (DOGC n\u00fam. 4670, de 6.7.2006).<\/span><\/p>\n<\/li>\n<li>\n<p class=\"paragraph_wrapper\"><a class=\"\" title=\"Aquest enlla\u00e7 s'obre en una nova pestanya: Ves-hi\" href=\"https:\/\/portaljuridic.gencat.cat\/eli\/es-ct\/o\/2020\/05\/26\/edu67\" target=\"_blank\" rel=\"noopener\"><span class=\"list-group-item-wrapper-content\">Ordre EDU\/67\/2020, de 26 de maig<\/span><span class=\"sr-only\">\u00a0<\/span><\/a><span style=\"font-size: 16px;\">del procediment d&#8217;implantaci\u00f3 dels ensenyaments de primer cicle d&#8217;educaci\u00f3 infantil a les escoles rurals (DOGC n\u00fam. 8144, de 29.5.2020).<\/span><\/p>\n<\/li>\n<li>\n<p class=\"paragraph_wrapper\"><a class=\"\" title=\"Aquest enlla\u00e7 s'obre en una nova pestanya: Llei org\u00e0nica 2\/2006, de 3 de maig,\" href=\"https:\/\/portaljuridic.gencat.cat\/ca\/document-del-pjur\/?documentId=627338&amp;validity=1835181&amp;traceability=02&amp;language=ca\" target=\"_blank\" rel=\"noopener\"><span class=\"list-group-item-wrapper-content\">Llei org\u00e0nica 2\/2006, de 3 de maig<\/span><span class=\"sr-only\">\u00a0<\/span><\/a><span style=\"font-size: 16px;\">d&#8217;educaci\u00f3 (BOE n\u00fam. 106, de 4.5.2006).<\/span><\/p>\n<\/li>\n<li>\n<p class=\"paragraph_wrapper\"><span class=\"list-group-item-wrapper-content\"><a class=\"\" title=\"Aquest enlla\u00e7 s'obre en una nova pestanya: Ves-hi\" href=\"https:\/\/portaljuridic.gencat.cat\/ca\/document-del-pjur\/?documentId=628910\" target=\"_blank\" rel=\"noopener\">Llei org\u00e0nica 8\/1985, de 3 de juliol, <\/a><\/span><span style=\"font-size: 16px;\">reguladora del dret a l&#8217;educaci\u00f3 (BOE n\u00fam. 159, de 4.7.1985).<\/span><\/p>\n<\/li>\n<\/ul>\n<\/div>\n<div class=\"list-group__contentwrapper\" style=\"text-align: justify;\"><\/div>\n<div class=\"list-group__contentwrapper\" style=\"text-align: justify;\"><\/div>\n<div class=\"list-group__contentwrapper\">\n<p><strong><span style=\"color: #ff0000;\">CALENDARI DE LES ELECCIONS 2025: Calendari del proc\u00e9s electoral<\/span><\/strong><\/p>\n<table style=\"border-collapse: collapse; width: 100%;\">\n<tbody>\n<tr>\n<td style=\"width: 50%;\">Inici del proc\u00e9s:<\/td>\n<td style=\"width: 50%;\">a partir del dia 27 d&#8217;octubre de 2025<\/td>\n<\/tr>\n<tr>\n<td style=\"width: 50%;\">Presentaci\u00f3 de candidatures (omplint sol\u00b7licitud que es troba a secretaria):<\/td>\n<td style=\"width: 50%;\">fins el 10 del de novembre<\/td>\n<\/tr>\n<tr>\n<td style=\"width: 50%;\">Sorteig p\u00fablic per a l\u2019elecci\u00f3 d\u2019alumnes que han de formar part de les meses electorals:<\/td>\n<td style=\"width: 50%;\">10 de novembre<\/td>\n<\/tr>\n<tr>\n<td style=\"width: 50%;\">Constituci\u00f3 de les meses electorals:<\/td>\n<td style=\"width: 50%;\">19 de novembre<\/td>\n<\/tr>\n<tr>\n<td style=\"width: 50%;\">Reclamacions al cens electoral:<\/td>\n<td style=\"width: 50%;\">entre el 6 i 10 de novembre<\/td>\n<\/tr>\n<tr>\n<td style=\"width: 50%;\">Publicaci\u00f3 de candidatures:<\/td>\n<td style=\"width: 50%;\">10 de novembre<\/td>\n<\/tr>\n<tr>\n<td style=\"width: 50%;\">Votacions sector ALUMNAT:<\/td>\n<td style=\"width: 50%;\">19 de novembre de 2025<\/td>\n<\/tr>\n<tr>\n<td style=\"width: 50%;\"><strong>Constituci\u00f3 del consell escolar<\/strong> i presa de possessi\u00f3 dels seus membres:<\/td>\n<td style=\"width: 50%;\"><strong>12 de desembre<\/strong><\/td>\n<\/tr>\n<\/tbody>\n<\/table>\n<p style=\"text-align: center;\" data-reader-unique-id=\"183\"><strong data-reader-unique-id=\"184\"><span data-reader-unique-id=\"185\">El dia 19\u00a0 de novembre de les 18:15 a les 18:45 \u00a0votacions sector ALUMNAT al hall de l\u2019escola.<\/span><\/strong><\/p>\n<p style=\"text-align: center;\" data-reader-unique-id=\"186\"><strong data-reader-unique-id=\"187\"><span data-reader-unique-id=\"188\">\u00a0\u00a0\u00a0\u00a0\u00a0\u00a0\u00a0\u00a0\u00a0\u00a0\u00a0\u00a0\u00a0\u00a0 Animeu-vos a votar!!!<\/span><\/strong><\/p>\n<p data-reader-unique-id=\"186\">M\u00e9s informaci\u00f3 a: <a href=\"https:\/\/educacio.gencat.cat\/ca\/arees-actuacio\/centres-serveis-educatius\/centres\/consells-escolars-centres\/\"><em>Consells escolars dels centres<\/em>. GENCAT<\/a><\/p>\n<\/div>\n<\/div>\n<\/div>\n","protected":false},"excerpt":{"rendered":"<p>El Consell Escolar \u00e9s l\u2019\u00f2rgan de participaci\u00f3 de la comunitat educativa que s\u2019encarrega del control i gesti\u00f3 de l\u2019escola, amb funcions de seguiment i avaluaci\u00f3 de la programaci\u00f3 i de les activitats que es duen a terme a L\u2019EOI de Salou. L\u2019alumnat hi t\u00e9 quatre representants que elegeix peri\u00f2dicament. La principal funci\u00f3 d\u2019aquests representants \u00e9s [&hellip;]<\/p>\n","protected":false},"author":1,"featured_media":0,"parent":8141,"menu_order":47,"comment_status":"closed","ping_status":"closed","template":"","meta":{"_bbp_topic_count":0,"_bbp_reply_count":0,"_bbp_total_topic_count":0,"_bbp_total_reply_count":0,"_bbp_voice_count":0,"_bbp_anonymous_reply_count":0,"_bbp_topic_count_hidden":0,"_bbp_reply_count_hidden":0,"_bbp_forum_subforum_count":0,"site-sidebar-layout":"default","site-content-layout":"","ast-site-content-layout":"default","site-content-style":"default","site-sidebar-style":"default","ast-global-header-display":"","ast-banner-title-visibility":"","ast-main-header-display":"","ast-hfb-above-header-display":"","ast-hfb-below-header-display":"","ast-hfb-mobile-header-display":"","site-post-title":"","ast-breadcrumbs-content":"","ast-featured-img":"","footer-sml-layout":"","theme-transparent-header-meta":"default","adv-header-id-meta":"","stick-header-meta":"","header-above-stick-meta":"","header-main-stick-meta":"","header-below-stick-meta":"","astra-migrate-meta-layouts":"set","ast-page-background-enabled":"default","ast-page-background-meta":{"desktop":{"background-color":"var(--ast-global-color-4)","background-image":"","background-repeat":"repeat","background-position":"center center","background-size":"auto","background-attachment":"scroll","background-type":"","background-media":"","overlay-type":"","overlay-color":"","overlay-opacity":"","overlay-gradient":""},"tablet":{"background-color":"","background-image":"","background-repeat":"repeat","background-position":"center center","background-size":"auto","background-attachment":"scroll","background-type":"","background-media":"","overlay-type":"","overlay-color":"","overlay-opacity":"","overlay-gradient":""},"mobile":{"background-color":"","background-image":"","background-repeat":"repeat","background-position":"center center","background-size":"auto","background-attachment":"scroll","background-type":"","background-media":"","overlay-type":"","overlay-color":"","overlay-opacity":"","overlay-gradient":""}},"ast-content-background-meta":{"desktop":{"background-color":"var(--ast-global-color-5)","background-image":"","background-repeat":"repeat","background-position":"center center","background-size":"auto","background-attachment":"scroll","background-type":"","background-media":"","overlay-type":"","overlay-color":"","overlay-opacity":"","overlay-gradient":""},"tablet":{"background-color":"var(--ast-global-color-5)","background-image":"","background-repeat":"repeat","background-position":"center center","background-size":"auto","background-attachment":"scroll","background-type":"","background-media":"","overlay-type":"","overlay-color":"","overlay-opacity":"","overlay-gradient":""},"mobile":{"background-color":"var(--ast-global-color-5)","background-image":"","background-repeat":"repeat","background-position":"center center","background-size":"auto","background-attachment":"scroll","background-type":"","background-media":"","overlay-type":"","overlay-color":"","overlay-opacity":"","overlay-gradient":""}},"footnotes":""},"class_list":["post-8621","page","type-page","status-publish","hentry"],"post_mailing_queue_ids":[],"_links":{"self":[{"href":"https:\/\/agora-eoi.xtec.cat\/eoisalou\/wp-json\/wp\/v2\/pages\/8621","targetHints":{"allow":["GET"]}}],"collection":[{"href":"https:\/\/agora-eoi.xtec.cat\/eoisalou\/wp-json\/wp\/v2\/pages"}],"about":[{"href":"https:\/\/agora-eoi.xtec.cat\/eoisalou\/wp-json\/wp\/v2\/types\/page"}],"author":[{"embeddable":true,"href":"https:\/\/agora-eoi.xtec.cat\/eoisalou\/wp-json\/wp\/v2\/users\/1"}],"replies":[{"embeddable":true,"href":"https:\/\/agora-eoi.xtec.cat\/eoisalou\/wp-json\/wp\/v2\/comments?post=8621"}],"version-history":[{"count":6,"href":"https:\/\/agora-eoi.xtec.cat\/eoisalou\/wp-json\/wp\/v2\/pages\/8621\/revisions"}],"predecessor-version":[{"id":10339,"href":"https:\/\/agora-eoi.xtec.cat\/eoisalou\/wp-json\/wp\/v2\/pages\/8621\/revisions\/10339"}],"up":[{"embeddable":true,"href":"https:\/\/agora-eoi.xtec.cat\/eoisalou\/wp-json\/wp\/v2\/pages\/8141"}],"wp:attachment":[{"href":"https:\/\/agora-eoi.xtec.cat\/eoisalou\/wp-json\/wp\/v2\/media?parent=8621"}],"curies":[{"name":"wp","href":"https:\/\/api.w.org\/{rel}","templated":true}]}}