{"id":12999,"date":"2020-09-24T07:41:39","date_gmt":"2020-09-24T05:41:39","guid":{"rendered":"https:\/\/agora-eoi.xtec.cat\/eoisabadell\/?page_id=12999"},"modified":"2020-09-24T07:41:39","modified_gmt":"2020-09-24T05:41:39","slug":"instruccions-per-formalitzar-la-matricula-de-les-places-vacants-de-catala-alemany-i-frances-24-de-setembre-2020-17h","status":"publish","type":"page","link":"https:\/\/agora-eoi.xtec.cat\/eoisabadell\/instruccions-per-formalitzar-la-matricula-de-les-places-vacants-de-catala-alemany-i-frances-24-de-setembre-2020-17h\/","title":{"rendered":"Instruccions per formalitzar la matr\u00edcula de les places vacants de catal\u00e0, alemany i franc\u00e8s: 24 de setembre 2020, 17h."},"content":{"rendered":"<p><span style=\"color: #ff0000;\"><span style=\"text-decoration: underline;\">ATENCI\u00d3<\/span>: NO QUEDEN PLACES VACANTS D&#8217;ANGL\u00c8S<\/span><\/p>\n<p><strong><span style=\"color: #0000ff;\">Instruccions per formalitzar la matr\u00edcula per a tots els grups de CATAL\u00c0\u00a0 ALEMANY i FRANC\u00c8S (excepte A2 dl-dc 18:45-21:15 i C1)<\/span><\/strong><\/p>\n<ul>\n<li>NOM\u00c9S si podeu acreditar el vostre nivell (<a href=\"http:\/\/portaldogc.gencat.cat\/utilsEADOP\/PDF\/6905\/1433022.pdf\">consulteu aqu\u00ed <strong>taula d&#8217;exempcions<\/strong><\/a>) o voleu entrar a A1 (primer curs) veniu el <strong><span style=\"text-decoration: underline;\">dijous 24 de setembre, a partir de les 17h<\/span><\/strong> i us podreu matricular, si hi ha places al vostre nivell i grup escollit. <b><i>No cal que vingueu en persona, qualsevol pot venir al vostre lloc.<\/i><\/b><\/li>\n<\/ul>\n<p>La matriculaci\u00f3 es far\u00e0 en estricte ordre d\u2019arribada al Departament d\u2019alumnat.<\/p>\n<p><span style=\"color: #0000ff;\"><b>DOCUMENTACI\u00d3 NECESS\u00c0RIA PER LA MATR\u00cdCULA<\/b><\/span><\/p>\n<ul>\n<li>DNI i fotoc\u00f2pia<\/li>\n<li>Certificat que acrediti el vostre nivell, si el teniu<\/li>\n<li>Justificants de bonificaci\u00f3, si el teniu i fotoc\u00f2pia<\/li>\n<\/ul>\n","protected":false},"excerpt":{"rendered":"<p>ATENCI\u00d3: NO QUEDEN PLACES VACANTS D&#8217;ANGL\u00c8S<br \/>\nInstruccions per formalitzar la matr\u00edcula per a tots els grups de CATAL\u00c0\u00a0 ALEMANY i FRANC\u00c8S (excepte A2 dl-dc 18:45-21:15 i C1)<\/p>\n<ul>\n<li>NOM\u00c9S si podeu acreditar el vostre nivell (<a href=\"http:\/\/portaldogc.gencat.cat\/utilsEADOP\/PDF\/6905\/1433022.pdf\">consulteu aqu\u00ed taula d&#8217;exempcions<\/a>) o voleu entrar a A1 (primer curs) veniu&hellip;  <a href=\"https:\/\/agora-eoi.xtec.cat\/eoisabadell\/instruccions-per-formalitzar-la-matricula-de-les-places-vacants-de-catala-alemany-i-frances-24-de-setembre-2020-17h\/\" title=\"Read Instruccions per formalitzar la matr\u00edcula de les places vacants de catal\u00e0, alemany i franc\u00e8s: 24 de setembre 2020, 17h.\">Llegeix m\u00e9s\u00bb<\/a><br \/>\n","protected":false},"author":7,"featured_media":0,"parent":0,"menu_order":0,"comment_status":"closed","ping_status":"closed","template":"","meta":{"_bbp_topic_count":0,"_bbp_reply_count":0,"_bbp_total_topic_count":0,"_bbp_total_reply_count":0,"_bbp_voice_count":0,"_bbp_anonymous_reply_count":0,"_bbp_topic_count_hidden":0,"_bbp_reply_count_hidden":0,"_bbp_forum_subforum_count":0,"footnotes":""},"class_list":["post-12999","page","type-page","status-publish","hentry"],"post_mailing_queue_ids":[],"_links":{"self":[{"href":"https:\/\/agora-eoi.xtec.cat\/eoisabadell\/wp-json\/wp\/v2\/pages\/12999","targetHints":{"allow":["GET"]}}],"collection":[{"href":"https:\/\/agora-eoi.xtec.cat\/eoisabadell\/wp-json\/wp\/v2\/pages"}],"about":[{"href":"https:\/\/agora-eoi.xtec.cat\/eoisabadell\/wp-json\/wp\/v2\/types\/page"}],"author":[{"embeddable":true,"href":"https:\/\/agora-eoi.xtec.cat\/eoisabadell\/wp-json\/wp\/v2\/users\/7"}],"replies":[{"embeddable":true,"href":"https:\/\/agora-eoi.xtec.cat\/eoisabadell\/wp-json\/wp\/v2\/comments?post=12999"}],"version-history":[{"count":1,"href":"https:\/\/agora-eoi.xtec.cat\/eoisabadell\/wp-json\/wp\/v2\/pages\/12999\/revisions"}],"predecessor-version":[{"id":13000,"href":"https:\/\/agora-eoi.xtec.cat\/eoisabadell\/wp-json\/wp\/v2\/pages\/12999\/revisions\/13000"}],"wp:attachment":[{"href":"https:\/\/agora-eoi.xtec.cat\/eoisabadell\/wp-json\/wp\/v2\/media?parent=12999"}],"curies":[{"name":"wp","href":"https:\/\/api.w.org\/{rel}","templated":true}]}}