{"id":8164,"date":"2016-06-08T17:00:04","date_gmt":"2016-06-08T16:00:04","guid":{"rendered":"http:\/\/pwc-int.educacio.intranet\/agora_eoi\/eoi1\/?page_id=8164"},"modified":"2026-04-23T13:33:05","modified_gmt":"2026-04-23T11:33:05","slug":"alumnes-antics","status":"publish","type":"page","link":"https:\/\/agora-eoi.xtec.cat\/eoirubi\/matricula\/alumnes-antics\/","title":{"rendered":"Antics alumnes &#8211; Matr\u00edcula  juliol"},"content":{"rendered":"<p data-path-to-node=\"3\"><b data-path-to-node=\"3\" data-index-in-node=\"0\">Has estat alumne\/a aquest curs? Ja pots preparar el teu proper pas!<\/b><\/p>\n<p data-path-to-node=\"4\">Si has estat matriculat\/ada en un curs oficial d&#8217;idiomes a la nostra escola durant l&#8217;any acad\u00e8mic <b data-path-to-node=\"4\" data-index-in-node=\"98\">2024-25<\/b>, ets considerat &#8220;antic alumne&#8221; i tens prioritat per reservar la teva pla\u00e7a.<\/p>\n<h3 data-path-to-node=\"5\"><\/h3>\n<h3 data-path-to-node=\"5\">\ud83d\uddd3\ufe0f Quan t&#8217;has de matricular?<\/h3>\n<p data-path-to-node=\"6\">La matr\u00edcula es far\u00e0 <b data-path-to-node=\"6\" data-index-in-node=\"21\">telem\u00e0ticament<\/b> durant la <b data-path-to-node=\"6\" data-index-in-node=\"46\">primera quinzena de juliol<\/b>.<\/p>\n<p data-path-to-node=\"7,0\"><span style=\"color: #000000;\">\u00a0 IMPORTANT!<\/span><\/p>\n<p data-path-to-node=\"7,0\"><span style=\"color: #000000;\"><b data-path-to-node=\"7,0\" data-index-in-node=\"13\">\u00a0 Atenci\u00f3 als torns:<\/b> L&#8217;acc\u00e9s a l&#8217;aplicatiu dep\u00e8n del teu nivell i de la nota obtinguda. No t&#8217;oblidis de revisar exactament quin dia i hora et toca:<\/span><\/p>\n<p data-path-to-node=\"7,1\"><span style=\"color: #000000;\">\ud83d\udd17 <b data-path-to-node=\"7,1\" data-index-in-node=\"4\">Consulta aqu\u00ed el <a href=\"https:\/\/agora-eoi.xtec.cat\/eoirubi\/wp-content\/uploads\/usu2255\/2025\/06\/Calendari-de-matricula-dantics-alumnes-20250528.docx.pdf\">Calendari matr\u00edcula juliol<\/a><\/b><\/span><\/p>\n<h3 data-path-to-node=\"9\"><\/h3>\n<h3 data-path-to-node=\"9\">\ud83d\udcbb Com funciona el proc\u00e9s?<\/h3>\n<ol start=\"1\" data-path-to-node=\"10\">\n<li>\n<p data-path-to-node=\"10,0,0\"><b data-path-to-node=\"10,0,0\" data-index-in-node=\"0\">Consulta el teu torn:<\/b> L&#8217;aplicaci\u00f3 obre els terminis de forma esglaonada segons el calendari.<\/p>\n<\/li>\n<li>\n<p data-path-to-node=\"10,1,0\"><b data-path-to-node=\"10,1,0\" data-index-in-node=\"0\">Acc\u00e9s permanent:<\/b> Un cop s&#8217;obre la teva franja hor\u00e0ria, el termini es mant\u00e9 obert (no es tanca el per\u00edode anterior).<\/p>\n<\/li>\n<li>\n<p data-path-to-node=\"10,2,0\"><b data-path-to-node=\"10,2,0\" data-index-in-node=\"0\">Fes el clic:<\/b> Accedeix directament a trav\u00e9s de l&#8217;enlla\u00e7 oficial: <span style=\"font-family: inherit; font-size: 1em;\">\ud83d\udc49 <\/span><a style=\"font-family: inherit; font-size: 1em;\" href=\"https:\/\/www.informaticacentros.com\/centrosnet\/ultralogin.php?tcentro=EOI&amp;centro=B31\">Matricula&#8217;t aqu\u00ed<\/a><\/p>\n<\/li>\n<\/ol>\n<h3 data-path-to-node=\"13\"><\/h3>\n<h3 data-path-to-node=\"13\">\u2753 Tens dubtes?<\/h3>\n<p data-path-to-node=\"14\">Si vols veure el detall del proc\u00e9s o tens qualsevol pregunta t\u00e8cnica, consulta aquest document d&#8217;ajuda:<\/p>\n<p data-path-to-node=\"15\">\ud83d\udcc4 <a href=\"https:\/\/agora-eoi.xtec.cat\/eoirubi\/wp-content\/uploads\/usu2255\/2025\/06\/Solucionador-de-problemes-sobre-la-matricula-1.docx-5.pdf\"><b data-path-to-node=\"15\" data-index-in-node=\"4\">Guia de matr\u00edcula per a l&#8217;alumnat\u00a0<\/b><\/a><\/p>\n<p>&nbsp;<\/p>\n","protected":false},"excerpt":{"rendered":"<p>Has estat alumne\/a aquest curs? Ja pots preparar el teu proper pas!<br \/>\nSi has estat matriculat\/ada en un curs oficial d&#8217;idiomes a la nostra escola durant l&#8217;any acad\u00e8mic 2024-25, ets considerat &#8220;antic alumne&#8221; i tens prioritat per reservar la teva pla\u00e7a.<\/p>\n<p>\ud83d\uddd3\ufe0f Quan t&#8217;has de matricular?<br \/>\nLa matr\u00edcula&hellip;  <a href=\"https:\/\/agora-eoi.xtec.cat\/eoirubi\/matricula\/alumnes-antics\/\" title=\"Read Antics alumnes &#8211; Matr\u00edcula  juliol\">Llegeix m\u00e9s\u00bb<\/a><\/p>\n","protected":false},"author":1,"featured_media":0,"parent":8161,"menu_order":10,"comment_status":"closed","ping_status":"closed","template":"page-templates\/side-menu.php","meta":{"_bbp_topic_count":0,"_bbp_reply_count":0,"_bbp_total_topic_count":0,"_bbp_total_reply_count":0,"_bbp_voice_count":0,"_bbp_anonymous_reply_count":0,"_bbp_topic_count_hidden":0,"_bbp_reply_count_hidden":0,"_bbp_forum_subforum_count":0,"footnotes":""},"class_list":["post-8164","page","type-page","status-publish","hentry"],"post_mailing_queue_ids":[],"_links":{"self":[{"href":"https:\/\/agora-eoi.xtec.cat\/eoirubi\/wp-json\/wp\/v2\/pages\/8164","targetHints":{"allow":["GET"]}}],"collection":[{"href":"https:\/\/agora-eoi.xtec.cat\/eoirubi\/wp-json\/wp\/v2\/pages"}],"about":[{"href":"https:\/\/agora-eoi.xtec.cat\/eoirubi\/wp-json\/wp\/v2\/types\/page"}],"author":[{"embeddable":true,"href":"https:\/\/agora-eoi.xtec.cat\/eoirubi\/wp-json\/wp\/v2\/users\/1"}],"replies":[{"embeddable":true,"href":"https:\/\/agora-eoi.xtec.cat\/eoirubi\/wp-json\/wp\/v2\/comments?post=8164"}],"version-history":[{"count":7,"href":"https:\/\/agora-eoi.xtec.cat\/eoirubi\/wp-json\/wp\/v2\/pages\/8164\/revisions"}],"predecessor-version":[{"id":10808,"href":"https:\/\/agora-eoi.xtec.cat\/eoirubi\/wp-json\/wp\/v2\/pages\/8164\/revisions\/10808"}],"up":[{"embeddable":true,"href":"https:\/\/agora-eoi.xtec.cat\/eoirubi\/wp-json\/wp\/v2\/pages\/8161"}],"wp:attachment":[{"href":"https:\/\/agora-eoi.xtec.cat\/eoirubi\/wp-json\/wp\/v2\/media?parent=8164"}],"curies":[{"name":"wp","href":"https:\/\/api.w.org\/{rel}","templated":true}]}}