{"id":608,"date":"2015-11-27T10:04:51","date_gmt":"2015-11-27T09:04:51","guid":{"rendered":"https:\/\/agora-eoi.xtec.cat\/eoigirona\/?page_id=608"},"modified":"2026-03-20T13:27:41","modified_gmt":"2026-03-20T12:27:41","slug":"horari-i-calendari","status":"publish","type":"page","link":"https:\/\/agora-eoi.xtec.cat\/eoigirona\/el-servei-educatiu\/horari-i-calendari\/","title":{"rendered":"Calendaris del curs"},"content":{"rendered":"<p><span style=\"font-size: 18pt;\"><strong>CURS 2025-2026<\/strong><\/span><a href=\"https:\/\/agora-eoi.xtec.cat\/eoigirona\/wp-content\/uploads\/usu2632\/2015\/11\/Calendar-96.png\" rel=\"attachment wp-att-8795\"><img loading=\"lazy\" decoding=\"async\" class=\" wp-image-8795 alignright\" src=\"https:\/\/agora-eoi.xtec.cat\/eoigirona\/wp-content\/uploads\/usu2632\/2015\/11\/Calendar-96.png\" alt=\"Calendar-96\" width=\"64\" height=\"64\" \/><\/a><a href=\"https:\/\/agora-eoi.xtec.cat\/eoigirona\/wp-content\/uploads\/usu2632\/2016\/06\/Clock-96.png\" rel=\"attachment wp-att-8695\"><br \/><\/a><\/p>\n<p>Les classes comencen <strong>la setmana del 22 de setembre<\/strong>.\u00a0<strong><span style=\"font-family: inherit; font-size: 1em;\">Per saber quin dia comenceu i acabeu les classes, con\u00e8ixer quins dies s\u00f3n festius, etc. heu de clicar al calendari dels cursos que feu (enlla\u00e7os a sota, al final d&#8217;aquesta secci\u00f3).\u00a0<\/span><\/strong><\/p>\n<p><span style=\"font-family: inherit; font-size: 1em;\">L&#8217;escola estar\u00e0 tancada els per\u00edodes de vacances escolars, els dies de festes laborals oficials a Catalunya, els dies de festa local i els dies de lliure disposici\u00f3, acordats pel Consell Escolar Municipal de Girona.<\/span><\/p>\n<table style=\"height: 222px; width: 84.6765%; border-collapse: collapse; border-color: #bdbdbd;\">\n<tbody>\n<tr style=\"border-color: #bdbdbd; background-color: #c85f5f; border-style: solid; height: 23px;\">\n<td style=\"border-style: solid; border-color: #bdbdbd; height: 23px;\" colspan=\"2\">\n<p><span style=\"color: #ffffff;\"><strong>Dies festius, festius locals i de lliure disposici\u00f3<\/strong><\/span><\/p>\n<\/td>\n<\/tr>\n<tr style=\"border-color: #bdbdbd; border-style: solid;\">\n<td style=\"width: 263.16px; border-style: solid; border-color: #bdbdbd; height: 23px;\"><strong>Girona<\/strong><\/td>\n<td style=\"width: 502.413px; border-style: solid; border-color: #bdbdbd; height: 23px;\"><span style=\"background-color: #ffffff;\">29, 30 i 31 d&#8217;octubre, 8 de desembre, 12 i 13 de febrer, 30 abril i 1 de maig<\/span><\/td>\n<\/tr>\n<tr style=\"border-style: solid; border-color: #bdbdbd;\">\n<td style=\"width: 263.16px; height: 32px; border-style: solid; border-color: #bdbdbd;\"><strong>CPD Palafrugell<\/strong><\/td>\n<td style=\"width: 502.413px; height: 32px; border-style: solid; border-color: #bdbdbd;\"><span style=\"background-color: #f9f9f9;\">3 de novembre, 8 de desembre, 13 i 16 de febrer, 4 maig<\/span><\/td>\n<\/tr>\n<tr style=\"border-style: solid; border-color: #bdbdbd;\">\n<td style=\"width: 263.16px; height: 48px; border-style: solid; border-color: #bdbdbd;\"><strong>CPD Santa Coloma de Farners<\/strong><\/td>\n<td style=\"width: 502.413px; height: 48px; border-style: solid; border-color: #bdbdbd;\"><span style=\"background-color: #f9f9f9;\">31 d&#8217;octubre, 8 i 9 de desembre, 13 de febrer, 7 abril, 4 de maig<\/span><\/td>\n<\/tr>\n<tr style=\"border-style: solid; border-color: #bdbdbd; background-color: #c85f5f; height: 23px;\">\n<td style=\"width: 263.16px; border-style: solid; border-color: #bdbdbd; height: 23px;\" colspan=\"2\"><strong><span style=\"color: #ffffff;\">Vacances<\/span><\/strong><\/td>\n<\/tr>\n<tr style=\"border-style: solid; border-color: #bdbdbd;\">\n<td style=\"width: 263.16px; height: 36px; border-style: solid; border-color: #bdbdbd;\">Nadal<strong><br \/><\/strong><\/td>\n<td style=\"width: 502.413px; height: 36px; border-style: solid; border-color: #bdbdbd;\">del 22 de desembre al 7 de gener (ambd\u00f3s inclosos)<strong><br \/><\/strong><\/td>\n<\/tr>\n<tr style=\"border-style: solid; border-color: #bdbdbd;\">\n<td style=\"width: 263.16px; height: 32px; border-style: solid; border-color: #bdbdbd;\">Setmana Santa<strong><br \/><\/strong><\/td>\n<td style=\"width: 502.413px; height: 32px; border-style: solid; border-color: #bdbdbd;\">del 28 de mar\u00e7 al 6 d&#8217;abril (ambd\u00f3s inclosos)<strong><br \/><\/strong><\/td>\n<\/tr>\n<\/tbody>\n<\/table>\n<div id=\"gestions54\">\n<p style=\"padding-left: 40px;\"><a href=\"https:\/\/drive.google.com\/file\/d\/13klJGwuWODj0U_q2yWHmXLJu3KT9KBdq\/view?usp=sharing\">Calendari extensius<\/a> (dos dies a la setmana)<\/p>\n<\/div>\n<p style=\"padding-left: 40px;\"><a href=\"https:\/\/drive.google.com\/file\/d\/1DloPOiKIEtu7Cylm6IpKjXXACsYB_e2v\/view?usp=sharing\">Calendari cursos semipresencials (extensiu)<\/a><\/p>\n<p style=\"padding-left: 40px;\"><a href=\"https:\/\/drive.google.com\/file\/d\/1hT38dSTyCb9vUIl6C3vQYFLT5MNT-wLY\/view?usp=sharing\">Calendari cursos intensius espanyol<\/a><\/p>\n<p>\u00a0 \u00a0 \u00a0 \u00a0 \u00a0\u00a0 <a href=\"https:\/\/drive.google.com\/file\/d\/1FCUIDuXrxIKgg-I5XCq7vKVKMMuVK88g\/view?usp=sharing\">Calendari cursos semipresencials intensius d&#8217;angl\u00e8s (B2 i C1)<\/a><\/p>\n<p style=\"padding-left: 40px;\"><a href=\"https:\/\/drive.google.com\/file\/d\/1zHxC6a86EXRYvp-iPPfnWHIFQOzXnuWh\/view?usp=sharing\">Calendari cursos CPD Sta. Coloma de Farners<\/a><\/p>\n<p style=\"padding-left: 40px;\"><a href=\"https:\/\/drive.google.com\/file\/d\/1EWWr3wq94Jm2c77lHLamozg9m6FQpOAI\/view?usp=sharing\">Calendari cursos CPD Palafrugell<\/a><\/p>\n\n\n<p><\/p>\n","protected":false},"excerpt":{"rendered":"<p>CURS 2025-2026 Les classes comencen la setmana del 22 de setembre.\u00a0Per saber quin dia comenceu i acabeu les classes, con\u00e8ixer quins dies s\u00f3n festius, etc. heu de clicar al calendari dels cursos que feu (enlla\u00e7os a sota, al final d&#8217;aquesta secci\u00f3).\u00a0 L&#8217;escola estar\u00e0 tancada els per\u00edodes de vacances escolars, els dies de festes laborals oficials [&hellip;]<\/p>\n","protected":false},"author":1,"featured_media":0,"parent":806,"menu_order":2,"comment_status":"closed","ping_status":"closed","template":"","meta":{"_bbp_topic_count":0,"_bbp_reply_count":0,"_bbp_total_topic_count":0,"_bbp_total_reply_count":0,"_bbp_voice_count":0,"_bbp_anonymous_reply_count":0,"_bbp_topic_count_hidden":0,"_bbp_reply_count_hidden":0,"_bbp_forum_subforum_count":0,"site-sidebar-layout":"default","site-content-layout":"","ast-site-content-layout":"default","site-content-style":"default","site-sidebar-style":"default","ast-global-header-display":"","ast-banner-title-visibility":"","ast-main-header-display":"","ast-hfb-above-header-display":"","ast-hfb-below-header-display":"","ast-hfb-mobile-header-display":"","site-post-title":"","ast-breadcrumbs-content":"","ast-featured-img":"","footer-sml-layout":"","theme-transparent-header-meta":"default","adv-header-id-meta":"","stick-header-meta":"","header-above-stick-meta":"","header-main-stick-meta":"","header-below-stick-meta":"","astra-migrate-meta-layouts":"set","ast-page-background-enabled":"default","ast-page-background-meta":{"desktop":{"background-color":"var(--ast-global-color-4)","background-image":"","background-repeat":"repeat","background-position":"center center","background-size":"auto","background-attachment":"scroll","background-type":"","background-media":"","overlay-type":"","overlay-color":"","overlay-opacity":"","overlay-gradient":""},"tablet":{"background-color":"","background-image":"","background-repeat":"repeat","background-position":"center center","background-size":"auto","background-attachment":"scroll","background-type":"","background-media":"","overlay-type":"","overlay-color":"","overlay-opacity":"","overlay-gradient":""},"mobile":{"background-color":"","background-image":"","background-repeat":"repeat","background-position":"center center","background-size":"auto","background-attachment":"scroll","background-type":"","background-media":"","overlay-type":"","overlay-color":"","overlay-opacity":"","overlay-gradient":""}},"ast-content-background-meta":{"desktop":{"background-color":"var(--ast-global-color-5)","background-image":"","background-repeat":"repeat","background-position":"center center","background-size":"auto","background-attachment":"scroll","background-type":"","background-media":"","overlay-type":"","overlay-color":"","overlay-opacity":"","overlay-gradient":""},"tablet":{"background-color":"var(--ast-global-color-5)","background-image":"","background-repeat":"repeat","background-position":"center center","background-size":"auto","background-attachment":"scroll","background-type":"","background-media":"","overlay-type":"","overlay-color":"","overlay-opacity":"","overlay-gradient":""},"mobile":{"background-color":"var(--ast-global-color-5)","background-image":"","background-repeat":"repeat","background-position":"center center","background-size":"auto","background-attachment":"scroll","background-type":"","background-media":"","overlay-type":"","overlay-color":"","overlay-opacity":"","overlay-gradient":""}},"footnotes":""},"class_list":["post-608","page","type-page","status-publish","hentry"],"post_mailing_queue_ids":[],"_links":{"self":[{"href":"https:\/\/agora-eoi.xtec.cat\/eoigirona\/wp-json\/wp\/v2\/pages\/608","targetHints":{"allow":["GET"]}}],"collection":[{"href":"https:\/\/agora-eoi.xtec.cat\/eoigirona\/wp-json\/wp\/v2\/pages"}],"about":[{"href":"https:\/\/agora-eoi.xtec.cat\/eoigirona\/wp-json\/wp\/v2\/types\/page"}],"author":[{"embeddable":true,"href":"https:\/\/agora-eoi.xtec.cat\/eoigirona\/wp-json\/wp\/v2\/users\/1"}],"replies":[{"embeddable":true,"href":"https:\/\/agora-eoi.xtec.cat\/eoigirona\/wp-json\/wp\/v2\/comments?post=608"}],"version-history":[{"count":6,"href":"https:\/\/agora-eoi.xtec.cat\/eoigirona\/wp-json\/wp\/v2\/pages\/608\/revisions"}],"predecessor-version":[{"id":19255,"href":"https:\/\/agora-eoi.xtec.cat\/eoigirona\/wp-json\/wp\/v2\/pages\/608\/revisions\/19255"}],"up":[{"embeddable":true,"href":"https:\/\/agora-eoi.xtec.cat\/eoigirona\/wp-json\/wp\/v2\/pages\/806"}],"wp:attachment":[{"href":"https:\/\/agora-eoi.xtec.cat\/eoigirona\/wp-json\/wp\/v2\/media?parent=608"}],"curies":[{"name":"wp","href":"https:\/\/api.w.org\/{rel}","templated":true}]}}