{"id":12616,"date":"2024-10-04T13:26:31","date_gmt":"2024-10-04T11:26:31","guid":{"rendered":"https:\/\/agora-eoi.xtec.cat\/eoidelvendrell\/?page_id=12616"},"modified":"2026-04-23T15:10:19","modified_gmt":"2026-04-23T13:10:19","slug":"departament-de-catala","status":"publish","type":"page","link":"https:\/\/agora-eoi.xtec.cat\/eoidelvendrell\/examens-finals-de-certificat\/departament-de-catala\/","title":{"rendered":"Departament de catal\u00e0"},"content":{"rendered":"\n<p><\/p>\n\n\n\n<p>Calendari de l<strong>a prova<\/strong> de catal\u00e0 de maig de 2026:<\/p>\n\n\n\n<figure class=\"wp-block-table\"><table><tbody><tr><td>Dijous, 28 de maig<\/td><td><strong>15:30 h<\/strong><\/td><td><strong>Certificat nivell Avan\u00e7at C2<\/strong><\/td><td><strong>Sala d&#8217;actes<\/strong><\/td><\/tr><\/tbody><\/table><\/figure>\n\n\n\n<p><strong>Requisits dels candidats a ex\u00e0mens oficials de certificat:&nbsp;<\/strong><br>\u2022 Tots els candidats han de presentar-se a les proves amb el seu DNI, passaport, NIE o carnet de conduir vigent a Espanya i mostrar-lo quan li sigui requerit.<br>\u2022 Els candidats han de ser puntuals i presentar-se amb antelaci\u00f3 suficient a l\u2019hora de la convocat\u00f2ria.<br>\u2022 \u00c9s preferible usar bol\u00edgraf blau o negre no esborrables per a la realitzaci\u00f3 de l\u2019examen.<br>\u2022 No es permetran damunt de la taula m\u00e9s objectes que els materials d\u2019escriptura.<br>\u2022 Els tel\u00e8fons m\u00f2bils o qualsevol altre dispositiu electr\u00f2nic que pugui servir d\u2019ajuda per a la realitzaci\u00f3 de la prova han d\u2019estar apagats tant el dia de la sessi\u00f3 escrita com el dia de la sessi\u00f3 oral. Les alarmes tamb\u00e9 han d\u2019estar desactivades. Si algun candidat fa \u00fas actiu del m\u00f2bil o de cap altre dispositiu durant la prova, aquesta quedar\u00e0 anul\u00b7lada.<br>\u2022 Totes les parts de la prova hauran de ser tornades abans d\u2019abandonar l\u2019aula.<\/p>\n\n\n\n<p><strong>MOLTA SORT I ENCERTS!<\/strong><\/p>\n","protected":false},"excerpt":{"rendered":"<p>Calendari de la prova de catal\u00e0 de maig de 2026:<\/p>\n<p>Dijous, 28 de maig15:30 hCertificat nivell Avan\u00e7at C2Sala d&#8217;actes<\/p>\n<p>Requisits dels candidats a ex\u00e0mens oficials de certificat:&nbsp;\u2022 Tots els candidats han de presentar-se a les proves amb el seu DNI, passaport, NIE o carnet de conduir vigent&hellip;  <a href=\"https:\/\/agora-eoi.xtec.cat\/eoidelvendrell\/examens-finals-de-certificat\/departament-de-catala\/\" title=\"Read Departament de catal\u00e0\">Llegeix m\u00e9s\u00bb<\/a><\/p>\n","protected":false},"author":1,"featured_media":0,"parent":9860,"menu_order":3,"comment_status":"closed","ping_status":"close","template":"","meta":{"_bbp_topic_count":0,"_bbp_reply_count":0,"_bbp_total_topic_count":0,"_bbp_total_reply_count":0,"_bbp_voice_count":0,"_bbp_anonymous_reply_count":0,"_bbp_topic_count_hidden":0,"_bbp_reply_count_hidden":0,"_bbp_forum_subforum_count":0,"footnotes":""},"class_list":["post-12616","page","type-page","status-publish","hentry"],"post_mailing_queue_ids":[],"_links":{"self":[{"href":"https:\/\/agora-eoi.xtec.cat\/eoidelvendrell\/wp-json\/wp\/v2\/pages\/12616","targetHints":{"allow":["GET"]}}],"collection":[{"href":"https:\/\/agora-eoi.xtec.cat\/eoidelvendrell\/wp-json\/wp\/v2\/pages"}],"about":[{"href":"https:\/\/agora-eoi.xtec.cat\/eoidelvendrell\/wp-json\/wp\/v2\/types\/page"}],"author":[{"embeddable":true,"href":"https:\/\/agora-eoi.xtec.cat\/eoidelvendrell\/wp-json\/wp\/v2\/users\/1"}],"replies":[{"embeddable":true,"href":"https:\/\/agora-eoi.xtec.cat\/eoidelvendrell\/wp-json\/wp\/v2\/comments?post=12616"}],"version-history":[{"count":6,"href":"https:\/\/agora-eoi.xtec.cat\/eoidelvendrell\/wp-json\/wp\/v2\/pages\/12616\/revisions"}],"predecessor-version":[{"id":13334,"href":"https:\/\/agora-eoi.xtec.cat\/eoidelvendrell\/wp-json\/wp\/v2\/pages\/12616\/revisions\/13334"}],"up":[{"embeddable":true,"href":"https:\/\/agora-eoi.xtec.cat\/eoidelvendrell\/wp-json\/wp\/v2\/pages\/9860"}],"wp:attachment":[{"href":"https:\/\/agora-eoi.xtec.cat\/eoidelvendrell\/wp-json\/wp\/v2\/media?parent=12616"}],"curies":[{"name":"wp","href":"https:\/\/api.w.org\/{rel}","templated":true}]}}