{"id":10516,"date":"2022-06-16T19:16:51","date_gmt":"2022-06-16T17:16:51","guid":{"rendered":"https:\/\/agora-eoi.xtec.cat\/eoidelvendrell\/?page_id=10516"},"modified":"2024-06-26T11:28:32","modified_gmt":"2024-06-26T09:28:32","slug":"com-em-comunico-amb-el-la-professor-des-de-moodle","status":"publish","type":"page","link":"https:\/\/agora-eoi.xtec.cat\/eoidelvendrell\/cultura-digital\/com-em-comunico-amb-el-la-professor-des-de-moodle\/","title":{"rendered":"Com em comunico amb el\/la professor@ des de Moodle?"},"content":{"rendered":"<p><span style=\"font-weight: 400;\">Moodle t\u00e9 una eina molt senzilla per a comunicar-me amb el\/la professor\/a. A dalt de tot a la dreta, al costat del nostre nom i la foto hi ha una <strong>bombolla de di\u00e0leg<\/strong>:<\/span><\/p>\n<p><span style=\"font-weight: 400;\"><a href=\"https:\/\/agora-eoi.xtec.cat\/eoidelvendrell\/wp-content\/uploads\/usu2263\/2022\/06\/Screen-Shot-2022-06-16-at-21.07.32.png\"><img loading=\"lazy\" decoding=\"async\" class=\"size-medium wp-image-10580 aligncenter\" src=\"https:\/\/agora-eoi.xtec.cat\/eoidelvendrell\/wp-content\/uploads\/usu2263\/2022\/06\/Screen-Shot-2022-06-16-at-21.07.32-300x52.png\" alt=\"\" width=\"300\" height=\"52\" srcset=\"https:\/\/agora-eoi.xtec.cat\/eoidelvendrell\/wp-content\/uploads\/usu2263\/2022\/06\/Screen-Shot-2022-06-16-at-21.07.32-300x52.png 300w, https:\/\/agora-eoi.xtec.cat\/eoidelvendrell\/wp-content\/uploads\/usu2263\/2022\/06\/Screen-Shot-2022-06-16-at-21.07.32.png 675w\" sizes=\"auto, (max-width: 300px) 100vw, 300px\" \/><\/a><\/span><\/p>\n<p><span style=\"font-weight: 400;\">Faig clic a sobre i cerco el nom de la meva professora al cercador de la classe. S\u2019obrir\u00e0 un quadre de di\u00e0leg, escric all\u00f2 que vull comunicar, premo la <strong>fletxa <\/strong><\/span><span style=\"font-weight: 400;\">d\u2019enviar <\/span><\/p>\n<p><a href=\"https:\/\/agora-eoi.xtec.cat\/eoidelvendrell\/wp-content\/uploads\/usu2263\/2022\/06\/Screen-Shot-2022-06-16-at-21.09.03.png\"><img loading=\"lazy\" decoding=\"async\" class=\"size-medium wp-image-10581 aligncenter\" src=\"https:\/\/agora-eoi.xtec.cat\/eoidelvendrell\/wp-content\/uploads\/usu2263\/2022\/06\/Screen-Shot-2022-06-16-at-21.09.03-300x98.png\" alt=\"\" width=\"300\" height=\"98\" srcset=\"https:\/\/agora-eoi.xtec.cat\/eoidelvendrell\/wp-content\/uploads\/usu2263\/2022\/06\/Screen-Shot-2022-06-16-at-21.09.03-300x98.png 300w, https:\/\/agora-eoi.xtec.cat\/eoidelvendrell\/wp-content\/uploads\/usu2263\/2022\/06\/Screen-Shot-2022-06-16-at-21.09.03-768x250.png 768w, https:\/\/agora-eoi.xtec.cat\/eoidelvendrell\/wp-content\/uploads\/usu2263\/2022\/06\/Screen-Shot-2022-06-16-at-21.09.03.png 962w\" sizes=\"auto, (max-width: 300px) 100vw, 300px\" \/><\/a><span style=\"font-weight: 400;\">i au, a esperar resposta.\u00a0\u00a0\u00a0<\/span><\/p>\n<div style=\"display: none;\"><\/div>\n","protected":false},"excerpt":{"rendered":"<p>Moodle t\u00e9 una eina molt senzilla per a comunicar-me amb el\/la professor\/a. A dalt de tot a la dreta, al costat del nostre nom i la foto hi ha una bombolla de di\u00e0leg:<br \/>\n<a href=\"https:\/\/agora-eoi.xtec.cat\/eoidelvendrell\/wp-content\/uploads\/usu2263\/2022\/06\/Screen-Shot-2022-06-16-at-21.07.32.png\"><\/a><br \/>\nFaig clic a sobre i cerco el nom de la meva professora&hellip;  <a href=\"https:\/\/agora-eoi.xtec.cat\/eoidelvendrell\/cultura-digital\/com-em-comunico-amb-el-la-professor-des-de-moodle\/\" title=\"Read Com em comunico amb el\/la professor@ des de Moodle?\">Llegeix m\u00e9s\u00bb<\/a><\/p>\n","protected":false},"author":1,"featured_media":0,"parent":10500,"menu_order":8,"comment_status":"closed","ping_status":"closed","template":"page-templates\/side-menu.php","meta":{"_bbp_topic_count":0,"_bbp_reply_count":0,"_bbp_total_topic_count":0,"_bbp_total_reply_count":0,"_bbp_voice_count":0,"_bbp_anonymous_reply_count":0,"_bbp_topic_count_hidden":0,"_bbp_reply_count_hidden":0,"_bbp_forum_subforum_count":0,"footnotes":""},"class_list":["post-10516","page","type-page","status-publish","hentry"],"post_mailing_queue_ids":[],"_links":{"self":[{"href":"https:\/\/agora-eoi.xtec.cat\/eoidelvendrell\/wp-json\/wp\/v2\/pages\/10516","targetHints":{"allow":["GET"]}}],"collection":[{"href":"https:\/\/agora-eoi.xtec.cat\/eoidelvendrell\/wp-json\/wp\/v2\/pages"}],"about":[{"href":"https:\/\/agora-eoi.xtec.cat\/eoidelvendrell\/wp-json\/wp\/v2\/types\/page"}],"author":[{"embeddable":true,"href":"https:\/\/agora-eoi.xtec.cat\/eoidelvendrell\/wp-json\/wp\/v2\/users\/1"}],"replies":[{"embeddable":true,"href":"https:\/\/agora-eoi.xtec.cat\/eoidelvendrell\/wp-json\/wp\/v2\/comments?post=10516"}],"version-history":[{"count":4,"href":"https:\/\/agora-eoi.xtec.cat\/eoidelvendrell\/wp-json\/wp\/v2\/pages\/10516\/revisions"}],"predecessor-version":[{"id":12243,"href":"https:\/\/agora-eoi.xtec.cat\/eoidelvendrell\/wp-json\/wp\/v2\/pages\/10516\/revisions\/12243"}],"up":[{"embeddable":true,"href":"https:\/\/agora-eoi.xtec.cat\/eoidelvendrell\/wp-json\/wp\/v2\/pages\/10500"}],"wp:attachment":[{"href":"https:\/\/agora-eoi.xtec.cat\/eoidelvendrell\/wp-json\/wp\/v2\/media?parent=10516"}],"curies":[{"name":"wp","href":"https:\/\/api.w.org\/{rel}","templated":true}]}}