{"id":8377,"date":"2026-03-27T13:50:10","date_gmt":"2026-03-27T12:50:10","guid":{"rendered":"http:\/\/agora-eoi.xtec.cat\/eoicalella\/?page_id=8377"},"modified":"2026-04-07T13:36:08","modified_gmt":"2026-04-07T11:36:08","slug":"expedicio-de-titols","status":"publish","type":"page","link":"https:\/\/agora-eoi.xtec.cat\/eoicalella\/secretaria\/expedicio-de-titols\/","title":{"rendered":"Expedici\u00f3 de t\u00edtols"},"content":{"rendered":"<hr \/>\n<p><strong>Nivells A2 i B1<\/strong><\/p>\n<ul>\n<li>L\u2019escola expedeix els certificats de manera autom\u00e0tica sense que calgui sol\u00b7licitud pr\u00e8via ni pagament de taxes.<\/li>\n<li>Es pot recollir personalment <strong>a partir del mes de juliol<\/strong> a la secretaria del centre presentant el DNI, passaport o NIE de la persona interessada.<\/li>\n<\/ul>\n<hr \/>\n<p><strong>Nivells B2, C1 i C2<\/strong><\/p>\n<p>A partir del curs 2025-2026 els certificats d\u2019idiomes B2, C1 i C2 es tramiten mitjan\u00e7ant una nova aplicaci\u00f3: <a href=\"https:\/\/tramits.gencat.cat\/ca\/tramits\/tramits-temes\/titols-academics-no-universitaris\" target=\"_blank\" rel=\"noopener\"><strong>Registre i tramitaci\u00f3 de t\u00edtols (RTT).<\/strong><\/a><\/p>\n<p>A la p\u00e0gina web de la\u00a0 Generalitat de Catalunya disposeu de dos manuals instructius que us enllacem en el pas 2.<br \/>\n<strong>Pas 1:<\/strong> Entrar al programa tr\u00e0mit en l\u00ednia <a href=\"https:\/\/tramits.gencat.cat\/ca\/tramits\/tramits-temes\/titols-academics-no-universitaris\" target=\"_blank\" rel=\"noopener\"><strong>Registre i tramitaci\u00f3 de t\u00edtols (RTT)<\/strong><\/a>, llegir la informaci\u00f3 i clicar el bot\u00f3 vermell<strong> INICIA<\/strong>.<br \/>\n<strong>Pas 2:<\/strong>\u00a0Obrir el manual que correspongui a la vostra gesti\u00f3 per seguir les instruccions.<\/p>\n<ul>\n<li style=\"list-style-type: none;\">\n<ul>\n<li style=\"list-style-type: none;\">\n<ul>\n<li style=\"list-style-type: none;\">\n<ul>\n<li><a href=\"https:\/\/tramits.gencat.cat\/web\/shared\/OVT\/Departaments\/ENS\/TramitOVT\/tramitacio-titols\/sollicitud-primera-expedicio.pdf\">Com puc sol\u00b7licitar un t\u00edtol per primera vegada<\/a><\/li>\n<li><a href=\"https:\/\/tramits.gencat.cat\/web\/shared\/OVT\/Departaments\/ENS\/TramitOVT\/tramitacio-titols\/duplicat-actualitzacio.pdf\">Com puc sol\u00b7licitar un duplicat o actualitzaci\u00f3 d&#8217;un t\u00edtol ja expedit?<\/a><\/li>\n<\/ul>\n<\/li>\n<\/ul>\n<\/li>\n<\/ul>\n<\/li>\n<\/ul>\n<p><strong>Pas 3:<\/strong> Cal avisar al centre per correu electr\u00f2nic eoicalella@xtec.cat un cop enviada la sol\u00b7licitud del t\u00edtol i fet el pagament. Per finalitzar el tr\u00e0mit, heu de passar a recollir el vostre resguard de sol\u00b7licitud de t\u00edtol amb la signatura i segell del centre, pel departament d&#8217;alumnat de dilluns a dijous de 15\u202fh a 19\u202fh. Aquest resguard tindr\u00e0 efectes legals mentre el t\u00edtol no s&#8217;expedeixi materialment.<\/p>\n<p><strong>TIPUS DE TAXES<\/strong> (llei 2\/2023 del 16 de mar\u00e7, de pressupostos de la Generalitat de Catalunya per al 2023)<\/p>\n<p><a href=\"https:\/\/educacio.gencat.cat\/ca\/departament\/normativa\/taxes-preus-publics\/taxes\/\">https:\/\/educacio.gencat.cat\/ca\/departament\/normativa\/taxes-preus-publics\/taxes\/<\/a><\/p>\n<table style=\"border-collapse: collapse; width: 53.6151%;\">\n<tbody>\n<tr>\n<td style=\"width: 44.8507%;\"><span style=\"font-size: 16px;\">Ordin\u00e0ria<\/span><\/td>\n<td style=\"width: 8.76443%;\"><span style=\"font-size: 16px;\">78,00 \u20ac<\/span><\/td>\n<\/tr>\n<tr>\n<td style=\"width: 44.8507%;\"><span style=\"font-size: 16px; background-color: #ffffff;\">Fam\u00edlies nombroses generals o monoparentals<\/span><\/td>\n<td style=\"width: 8.76443%;\"><span style=\"font-size: 16px; background-color: #ffffff;\">39,00 \u20ac<\/span><\/td>\n<\/tr>\n<tr>\n<td style=\"width: 44.8507%;\"><span style=\"font-size: 16px;\">Fam\u00edlies nombroses de categoria especial<\/span><\/td>\n<td style=\"width: 8.76443%;\"><span style=\"font-size: 16px;\">Exempts<\/span><\/td>\n<\/tr>\n<tr>\n<td style=\"width: 44.8507%;\"><span style=\"font-size: 16px; background-color: #ffffff;\">Discapacitat igual o superior al 33%<\/span><\/td>\n<td style=\"width: 8.76443%;\"><span style=\"font-size: 16px; background-color: #ffffff;\">Exempts<\/span><\/td>\n<\/tr>\n<\/tbody>\n<\/table>\n<p><strong>NOTA INFORMATIVA FEBRER 2022<\/strong><\/p>\n<table border=\"0\" width=\"590\" cellspacing=\"2\" cellpadding=\"6\">\n<tbody>\n<tr>\n<td colspan=\"2\" bgcolor=\"EEEEEE\"><span style=\"font-family: ARIAL;\">Us comuniquem que la licitaci\u00f3 de l&#8217;any 2021 que tenia per objecte la contractaci\u00f3 del servei d&#8217;expedici\u00f3 de t\u00edtols acad\u00e8mics oficials no universitaris, va ser objecte d&#8217;un recurs especial en mat\u00e8ria de contractaci\u00f3. Com a conseq\u00fc\u00e8ncia de la dilaci\u00f3 en el temps que va suposar per a la licitaci\u00f3 la interposici\u00f3 d&#8217;aquest recurs, el Departament d&#8217;Educaci\u00f3 va resoldre desistir-ne.<\/span><\/p>\n<p>Per aquest motiu, no s&#8217;han pogut expedir t\u00edtols acad\u00e8mics oficials durant tot l&#8217;any 2021 i no se&#8217;n podran expedir durant gran part de l&#8217;any 2022, a excepci\u00f3 dels t\u00edtols considerats urgents, pr\u00e8via acreditaci\u00f3 d&#8217;aquesta condici\u00f3 per part del centre.<\/td>\n<\/tr>\n<\/tbody>\n<\/table>\n","protected":false},"excerpt":{"rendered":"<p>Nivells A2 i B1<\/p>\n<ul>\n<li>L\u2019escola expedeix els certificats de manera autom\u00e0tica sense que calgui sol\u00b7licitud pr\u00e8via ni pagament de taxes.<\/li>\n<li>Es pot recollir personalment a partir del mes de juliol a la secretaria del centre presentant el DNI, passaport o NIE de la persona interessada.<\/li>\n<\/ul>\n<p>Nivells B2, C1&hellip;  <a href=\"https:\/\/agora-eoi.xtec.cat\/eoicalella\/secretaria\/expedicio-de-titols\/\" title=\"Read Expedici\u00f3 de t\u00edtols\">Llegeix m\u00e9s\u00bb<\/a><\/p>\n","protected":false},"author":1,"featured_media":0,"parent":8358,"menu_order":80,"comment_status":"closed","ping_status":"closed","template":"page-templates\/side-menu.php","meta":{"_bbp_topic_count":0,"_bbp_reply_count":0,"_bbp_total_topic_count":0,"_bbp_total_reply_count":0,"_bbp_voice_count":0,"_bbp_anonymous_reply_count":0,"_bbp_topic_count_hidden":0,"_bbp_reply_count_hidden":0,"_bbp_forum_subforum_count":0,"footnotes":""},"class_list":["post-8377","page","type-page","status-publish","hentry"],"post_mailing_queue_ids":[],"_links":{"self":[{"href":"https:\/\/agora-eoi.xtec.cat\/eoicalella\/wp-json\/wp\/v2\/pages\/8377","targetHints":{"allow":["GET"]}}],"collection":[{"href":"https:\/\/agora-eoi.xtec.cat\/eoicalella\/wp-json\/wp\/v2\/pages"}],"about":[{"href":"https:\/\/agora-eoi.xtec.cat\/eoicalella\/wp-json\/wp\/v2\/types\/page"}],"author":[{"embeddable":true,"href":"https:\/\/agora-eoi.xtec.cat\/eoicalella\/wp-json\/wp\/v2\/users\/1"}],"replies":[{"embeddable":true,"href":"https:\/\/agora-eoi.xtec.cat\/eoicalella\/wp-json\/wp\/v2\/comments?post=8377"}],"version-history":[{"count":5,"href":"https:\/\/agora-eoi.xtec.cat\/eoicalella\/wp-json\/wp\/v2\/pages\/8377\/revisions"}],"predecessor-version":[{"id":11151,"href":"https:\/\/agora-eoi.xtec.cat\/eoicalella\/wp-json\/wp\/v2\/pages\/8377\/revisions\/11151"}],"up":[{"embeddable":true,"href":"https:\/\/agora-eoi.xtec.cat\/eoicalella\/wp-json\/wp\/v2\/pages\/8358"}],"wp:attachment":[{"href":"https:\/\/agora-eoi.xtec.cat\/eoicalella\/wp-json\/wp\/v2\/media?parent=8377"}],"curies":[{"name":"wp","href":"https:\/\/api.w.org\/{rel}","templated":true}]}}