{"id":8161,"date":"2025-06-20T10:52:40","date_gmt":"2025-06-20T08:52:40","guid":{"rendered":"http:\/\/agora-eoi.xtec.cat\/eoicalella\/?page_id=8161"},"modified":"2025-07-11T10:50:21","modified_gmt":"2025-07-11T08:50:21","slug":"preus","status":"publish","type":"page","link":"https:\/\/agora-eoi.xtec.cat\/eoicalella\/secretaria\/preus\/","title":{"rendered":"Taxes i preus p\u00fablics"},"content":{"rendered":"<p><strong><u>TAXES I PREUS P\u00daBLICS CURS 2025-2026<\/u><\/strong><\/p>\n<p>(\u00daltima actualitzaci\u00f3: <em>Llei 2\/2023 del 16 de mar\u00e7, de pressupostos de la Generalitat de Catalunya per al 2023<\/em>)<\/p>\n<p><a href=\"https:\/\/educacio.gencat.cat\/ca\/departament\/normativa\/taxes-preus-publics\/taxes\/\">https:\/\/educacio.gencat.cat\/ca\/departament\/normativa\/taxes-preus-publics\/taxes\/<\/a><\/p>\n<p>Els cursos d&#8217;A1.1 i A1.2 d&#8217;angl\u00e8s s\u00f3n cursos de 65 hores. La resta del cursos s\u00f3n de 130 hores anuals.<\/p>\n<table style=\"width: 97.0017%; height: 163px;\">\n<tbody>\n<tr style=\"height: 33px;\">\n<td style=\"width: 15.1949%; text-align: center; height: 33px;\"><strong>\u00a0<\/strong><\/td>\n<td style=\"text-align: center; width: 25.0001%;\" colspan=\"3\"><strong>primera matr\u00edcula<\/strong><\/td>\n<td style=\"text-align: center; width: 35.8085%;\" colspan=\"3\"><strong>primera repetici\u00f3<\/strong><\/td>\n<td style=\"width: 91.1123%; text-align: center;\" colspan=\"3\"><strong><br \/>\n<\/strong><strong>segona repetici\u00f3<\/strong><\/td>\n<\/tr>\n<tr style=\"height: 33px;\">\n<td style=\"width: 15.1949%; height: 33px;\"><\/td>\n<td style=\"width: 1.14679%; text-align: center;\">A1.1\/A1.2<\/td>\n<td style=\"width: 13.8762%; height: 33px; text-align: center;\">A1, A2, C1, C2<\/td>\n<td style=\"width: 9.97706%; height: 33px; text-align: center;\">B1 i B2<\/td>\n<td style=\"width: 9.08834%; text-align: center;\">A1.1\/A1.2<\/td>\n<td style=\"width: 15.1376%; height: 33px; text-align: center;\">A1, A2, C1, C2<\/td>\n<td style=\"width: 11.5826%; height: 33px; text-align: center;\">B1 i B2<\/td>\n<td style=\"width: 10.6078%; text-align: center;\">A1.1\/A1.2<\/td>\n<td style=\"width: 66.9724%; height: 33px; text-align: center;\">A1, A2, C1, C2<\/td>\n<td style=\"width: 13.5321%; height: 33px; text-align: center;\">B1 i B2<\/td>\n<\/tr>\n<tr style=\"height: 48px;\">\n<td style=\"width: 15.1949%; height: 39px;\"><strong>matr\u00edcula <\/strong><strong>ordin\u00e0ria<\/strong><\/td>\n<td style=\"width: 1.14679%; text-align: center;\"><strong>152,50\u20ac<\/strong><\/td>\n<td style=\"width: 13.8762%; height: 39px; text-align: center;\"><strong>305,00\u20ac<\/strong><\/td>\n<td style=\"width: 9.97706%; height: 39px; text-align: center;\"><b>327,60\u20ac<\/b><\/td>\n<td style=\"width: 9.08834%; text-align: center;\"><strong>198,25\u20ac<\/strong><\/td>\n<td style=\"width: 15.1376%; height: 39px; text-align: center;\"><strong>396,50\u20ac<\/strong><\/td>\n<td style=\"width: 11.5826%; height: 39px; text-align: center;\"><strong>425,90\u20ac<\/strong><\/td>\n<td style=\"width: 10.6078%; text-align: center;\"><strong>274,50\u20ac<\/strong><\/td>\n<td style=\"width: 66.9724%; height: 39px; text-align: center;\"><strong>549,00\u20ac<\/strong><\/td>\n<td style=\"width: 13.5321%; height: 39px; text-align: center;\"><strong>589,70\u20ac<\/strong><\/td>\n<\/tr>\n<tr style=\"height: 32px;\">\n<td style=\"width: 15.1949%; height: 32px;\"><strong>matr\u00edcula redu\u00efda 50%<\/strong><\/td>\n<td style=\"width: 1.14679%; text-align: center;\"><strong>76,25\u20ac<\/strong><\/td>\n<td style=\"width: 13.8762%; height: 32px; text-align: center;\"><strong>152,50\u20ac<\/strong><\/td>\n<td style=\"width: 9.97706%; height: 32px; text-align: center;\"><strong>163,80\u20ac<\/strong><\/td>\n<td style=\"width: 9.08834%; text-align: center;\"><strong>99,13\u20ac<\/strong><\/td>\n<td style=\"width: 15.1376%; height: 32px; text-align: center;\"><strong>198,25\u20ac<\/strong><\/td>\n<td style=\"width: 11.5826%; height: 32px; text-align: center;\"><strong>212,95\u20ac<\/strong><\/td>\n<td style=\"width: 10.6078%; text-align: center;\"><strong>137,25\u20ac<\/strong><\/td>\n<td style=\"width: 66.9724%; height: 32px; text-align: center;\"><strong>274,50\u20ac<\/strong><\/td>\n<td style=\"width: 13.5321%; height: 32px; text-align: center;\"><strong>294,85\u20ac<\/strong><\/td>\n<\/tr>\n<tr style=\"height: 0px;\">\n<td style=\"width: 167.116%; height: 26px;\" colspan=\"10\">\n<h4 style=\"text-align: center;\"><strong><em>Aquests preus NO inclouen els llibres de text\/lectura que es puguin fer servir durant el curs<\/em><em>.<\/em><\/strong><\/h4>\n<\/td>\n<\/tr>\n<\/tbody>\n<\/table>\n<p><strong>NORMATIVA VIGENT: <\/strong><\/p>\n<ul>\n<li><a href=\"https:\/\/portaldogc.gencat.cat\/utilsEADOP\/PDF\/8230\/1813076.pdf\">ORDRE ENS\/155\/2020<\/a>, de 18 de setembre, per la qual se suprimeixen, es creen i s&#8217;actualitzen els preus p\u00fablics i els imports de determinats ensenyaments i serveis docents de les escoles oficials d&#8217;idiomes del Departament d&#8217;Educaci\u00f3.<\/li>\n<li><a href=\"https:\/\/portaldogc.gencat.cat\/utilsEADOP\/PDF\/8420\/1854031.pdf\">ORDRE EDU\/114\/2021<\/a>, de 25 de maig, per la qual es modifica l&#8217;Ordre EDU\/155\/2020, de 18 de setembre, per la qual se suprimeixen, es creen i s&#8217;actualitzen els preus p\u00fablics i els imports de determinats ensenyaments i serveis docents de les escoles oficials d&#8217;idiomes del Departament d&#8217;Educaci\u00f3.<\/li>\n<\/ul>\n<table style=\"width: 858px;\">\n<tbody>\n<tr>\n<td style=\"width: 395.453px;\"><strong>BONIFICACI\u00d3 DEL 50% DE L\u2019IMPORT:<\/strong><\/td>\n<td style=\"width: 454.547px;\"><strong>EXEMPCI\u00d3 DEL 100% DE L\u2019IMPORT:<\/strong><\/td>\n<\/tr>\n<tr>\n<td style=\"width: 395.453px;\"><strong>membres de fam\u00edlia nombrosa de categoria general<\/strong><\/td>\n<td style=\"width: 454.547px;\"><strong>membres de fam\u00edlia nombrosa de categoria especial<\/strong><\/td>\n<\/tr>\n<tr>\n<td style=\"width: 395.453px;\"><strong>membres de fam\u00edlia monoparental de qualsevol categoria<\/strong><\/td>\n<td style=\"width: 454.547px;\"><strong>membres de fam\u00edlies que perceben la renda m\u00ednima d&#8217;inserci\u00f3 o la renda activa d&#8217;inserci\u00f3<\/strong><\/td>\n<\/tr>\n<tr>\n<td style=\"width: 395.453px;\"><\/td>\n<td style=\"width: 454.547px;\"><strong>persones amb discapacitat igual o superior al 33%<\/strong><\/td>\n<\/tr>\n<tr>\n<td style=\"width: 395.453px;\">\n<ul>\n<li><strong>alumnes matriculats en dues lleng\u00fces tenen bonificaci\u00f3 del 50%en la matr\u00edcula d\u2019una de les dues sempre i quan sigui de nivell<\/strong> <strong>A1, A2, C1 o C2<\/strong><\/li>\n<\/ul>\n<\/td>\n<td style=\"width: 454.547px;\">\n<ul>\n<li><strong>v\u00edctimes de viol\u00e8ncia de g\u00e8nere<\/strong><\/li>\n<li><strong>v\u00edctimes del terrorisme (i els seus c\u00f2njuges, fills i filles)<\/strong><\/li>\n<li><strong>infants o adolescents en acolliment familiar<\/strong><\/li>\n<\/ul>\n<\/td>\n<\/tr>\n<tr>\n<td style=\"width: 395.453px;\">\n<ul>\n<li><strong>alumnes que despr\u00e9s d\u2019haver cursat el nivell B2.2 es matriculin en el curs immediatament posterior en una nova llengua estrangera en el nivell A1, A2, C1 o C2 (50%)<\/strong><\/li>\n<\/ul>\n<\/td>\n<td style=\"width: 454.547px;\"><strong>persones subjectes a mesures privatives de llibertat<\/strong><\/p>\n<ul>\n<li><strong>menors tutelats o extutelats menors de 21 anys d&#8217;edat<\/strong><\/li>\n<\/ul>\n<\/td>\n<\/tr>\n<tr>\n<td style=\"width: 395.453px;\">\n<ul>\n<li><strong>alumnes dels centres sostinguts amb fons p\u00fablics, que es matriculen en el nivell A1, A2, C1 o C2 d\u2019una llengua estrangera, diferent a la llengua estrangera obligatoris del curr\u00edculum que estudien en el centre educatiu. (50%)<\/strong><\/li>\n<\/ul>\n<\/td>\n<td style=\"width: 454.547px;\">\n<ul>\n<li><strong>alumnes que en el curs acad\u00e8mic immediatament anterior han obtingut matr\u00edcula d&#8217;honor en el batxillerat o el Premi Extraordinari de Batxillerat<\/strong><\/li>\n<\/ul>\n<\/td>\n<\/tr>\n<tr>\n<td style=\"width: 852px;\" colspan=\"2\">\n<ul>\n<li><strong><em>\u00a0<\/em><\/strong><strong><em>Les bonificacions de 50% que s\u2019apliquen als nivells A1, A2, C1 i C2 s\u00f3n acumulables.<\/em><\/strong><\/li>\n<li><strong><em>Les persones que tenen dret a bonificaci\u00f3 o exempci\u00f3 han de fer arribar a l\u2019escola la documentaci\u00f3 justificativa abans de l\u2019inici de les classes.<\/em><\/strong><\/li>\n<\/ul>\n<\/td>\n<\/tr>\n<\/tbody>\n<\/table>\n","protected":false},"excerpt":{"rendered":"<p>TAXES I PREUS P\u00daBLICS CURS 2025-2026<br \/>\n(\u00daltima actualitzaci\u00f3: Llei 2\/2023 del 16 de mar\u00e7, de pressupostos de la Generalitat de Catalunya per al 2023)<br \/>\n<a href=\"https:\/\/educacio.gencat.cat\/ca\/departament\/normativa\/taxes-preus-publics\/taxes\/\">https:\/\/educacio.gencat.cat\/ca\/departament\/normativa\/taxes-preus-publics\/taxes\/<\/a><br \/>\nEls cursos d&#8217;A1.1 i A1.2 d&#8217;angl\u00e8s s\u00f3n cursos de 65 hores. La resta del cursos s\u00f3n de 130 hores anuals.<\/p>\n<p>\u00a0<br \/>\nprimera matr\u00edcula<br \/>\nprimera repetici\u00f3<\/p>\n<p>segona&hellip;  <a href=\"https:\/\/agora-eoi.xtec.cat\/eoicalella\/secretaria\/preus\/\" title=\"Read Taxes i preus p\u00fablics\">Llegeix m\u00e9s\u00bb<\/a><\/p>\n","protected":false},"author":1,"featured_media":0,"parent":8358,"menu_order":20,"comment_status":"closed","ping_status":"closed","template":"page-templates\/side-menu.php","meta":{"_bbp_topic_count":0,"_bbp_reply_count":0,"_bbp_total_topic_count":0,"_bbp_total_reply_count":0,"_bbp_voice_count":0,"_bbp_anonymous_reply_count":0,"_bbp_topic_count_hidden":0,"_bbp_reply_count_hidden":0,"_bbp_forum_subforum_count":0,"footnotes":""},"class_list":["post-8161","page","type-page","status-publish","hentry"],"post_mailing_queue_ids":[],"_links":{"self":[{"href":"https:\/\/agora-eoi.xtec.cat\/eoicalella\/wp-json\/wp\/v2\/pages\/8161","targetHints":{"allow":["GET"]}}],"collection":[{"href":"https:\/\/agora-eoi.xtec.cat\/eoicalella\/wp-json\/wp\/v2\/pages"}],"about":[{"href":"https:\/\/agora-eoi.xtec.cat\/eoicalella\/wp-json\/wp\/v2\/types\/page"}],"author":[{"embeddable":true,"href":"https:\/\/agora-eoi.xtec.cat\/eoicalella\/wp-json\/wp\/v2\/users\/1"}],"replies":[{"embeddable":true,"href":"https:\/\/agora-eoi.xtec.cat\/eoicalella\/wp-json\/wp\/v2\/comments?post=8161"}],"version-history":[{"count":7,"href":"https:\/\/agora-eoi.xtec.cat\/eoicalella\/wp-json\/wp\/v2\/pages\/8161\/revisions"}],"predecessor-version":[{"id":11046,"href":"https:\/\/agora-eoi.xtec.cat\/eoicalella\/wp-json\/wp\/v2\/pages\/8161\/revisions\/11046"}],"up":[{"embeddable":true,"href":"https:\/\/agora-eoi.xtec.cat\/eoicalella\/wp-json\/wp\/v2\/pages\/8358"}],"wp:attachment":[{"href":"https:\/\/agora-eoi.xtec.cat\/eoicalella\/wp-json\/wp\/v2\/media?parent=8161"}],"curies":[{"name":"wp","href":"https:\/\/api.w.org\/{rel}","templated":true}]}}