{"id":8370,"date":"2016-06-13T13:38:46","date_gmt":"2016-06-13T11:38:46","guid":{"rendered":"http:\/\/agora-eoi.xtec.cat\/eoibadalona\/?page_id=8370"},"modified":"2026-02-16T10:26:48","modified_gmt":"2026-02-16T09:26:48","slug":"instancies-i-sollicituds","status":"publish","type":"page","link":"https:\/\/agora-eoi.xtec.cat\/eoibadalona\/tramits\/instancies-i-sollicituds\/","title":{"rendered":"Sol\u00b7licituds i justificants"},"content":{"rendered":"<p class=\"rteindent1\">Podeu descarregar-vos les sol\u00b7licituds i presentar-les a Secretaria en <a href=\"https:\/\/agora-eoi.xtec.cat\/eoibadalona\/el-servei-educatiu\/horari\/\">l&#8217;horari d&#8217;atenci\u00f3<\/a>.<\/p>\n<ul style=\"list-style-type: circle;\">\n<li><strong><a href=\"https:\/\/drive.google.com\/file\/d\/1O46llHukU13kLDW6NJdKmec_GgXiMonA\/view?usp=drive_link\" target=\"_blank\" rel=\"noopener\">Justificaci\u00f3 d&#8217;abs\u00e8ncies de menors<\/a><a href=\"https:\/\/drive.google.com\/file\/d\/1O46llHukU13kLDW6NJdKmec_GgXiMonA\/view?usp=drive_link\" target=\"_blank\" rel=\"noopener\"> d&#8217;edat<\/a><\/strong><\/li>\n<li><strong><a href=\"https:\/\/drive.google.com\/file\/d\/16vlMSUdsw62ySg5exl7_90BHO9d2Z4uk\/view?usp=sharing\" target=\"_blank\" rel=\"noopener\">Sol\u00b7licitud general<\/a><\/strong><\/li>\n<li><strong><a style=\"color: #2795b6;\" href=\"https:\/\/docs.google.com\/document\/d\/1fJGmt3IYeij1Zi9Esh2U3WCu6cDwFu_a\/edit?usp=sharing&amp;ouid=106536964992080366585&amp;rtpof=true&amp;sd=true\" target=\"_blank\" rel=\"noopener\">Autoritzaci\u00f3 de tr\u00e0mit<\/a><\/strong><\/li>\n<li><strong><a href=\"https:\/\/drive.google.com\/file\/d\/1IQIyoOSyzSMxKA_wOz4HJgfHbuvCkiOM\/view?usp=sharing\" target=\"_blank\" rel=\"noopener\">Canvi d\u2019horari (fins al 19\/12\/2025)<\/a><\/strong><\/li>\n<li><strong><a href=\"https:\/\/drive.google.com\/file\/d\/1iB1_IyOdK9RgDfe9XAgp_FWs5t6ZZm0k\/view?usp=sharing\" target=\"_blank\" rel=\"noopener\">Canvi de nivell (fins al 31\/10\/2025)<\/a><\/strong><\/li>\n<li><strong><a href=\"https:\/\/drive.google.com\/file\/d\/13J10jBEipW4CnHZN0kJ4SoAoICVEysIw\/view?usp=sharing\" target=\"_blank\" rel=\"noopener\">Convocat\u00f2ria addicional (en per\u00edode de matr\u00edcula de juliol)<\/a><\/strong><\/li>\n<li><strong>Devoluci\u00f3 de taxa\/preu p\u00fablic per ren\u00fancia a la matr\u00edcula (fins al 10 d&#8217;octubre de 2025)<\/strong>\n<ul style=\"list-style-type: disc;\">\n<li>Per aquest tr\u00e0mit nom\u00e9s es retorna l&#8217;import de la matr\u00edcula, no el pagament del material\/serveis.<\/li>\n<li>Documentaci\u00f3 requerida: resguard de matr\u00edcula i resguard de pagament.<\/li>\n<li><a href=\"https:\/\/educacio.gencat.cat\/ca\/tramits\/tramits-temes\/devolucio-ingressos-indeguts\" target=\"_blank\" rel=\"noopener\">Acc\u00e9s al formulari en l\u00ednia<\/a> (permet fer el seguiment de l&#8217;estat del tr\u00e0mit).<\/li>\n<\/ul>\n<\/li>\n<li><strong>Devoluci\u00f3 de taxa\/preu p\u00fablic: altres pagaments indeguts (inscripci\u00f3 a proves lliures, etc&#8230;)<\/strong>\n<ul style=\"list-style-type: disc;\">\n<li>Documentaci\u00f3 requerida: resguard de pagament i resguard de matr\u00edcula, d&#8217;inscripci\u00f3 a proves o processos selectius o de sol\u00b7licitud de t\u00edtol, segons correspongui.<\/li>\n<li>Es recomana sol\u00b7licitar la devoluci\u00f3 de les taxes i els preus p\u00fablics gestionats pel Departament d\u2019Educaci\u00f3 a la web de Tr\u00e0mits GENCAT, en <a href=\"https:\/\/educacio.gencat.cat\/ca\/tramits\/tramits-temes\/devolucio-ingressos-indeguts\" target=\"_blank\" rel=\"noopener\">aquest enlla\u00e7<\/a>.<\/li>\n<\/ul>\n<\/li>\n<li><strong><a style=\"color: #2795b6;\" href=\"https:\/\/drive.google.com\/file\/d\/14weMMWiWnYKAmyrwBAgNeTI7tvcPiO3x\/view?usp=sharing\" target=\"_blank\" rel=\"noopener\">Ren\u00fancia de matr\u00edcula (fins al<\/a><a style=\"color: #2795b6;\" href=\"https:\/\/drive.google.com\/file\/d\/14weMMWiWnYKAmyrwBAgNeTI7tvcPiO3x\/view?usp=sharing\" target=\"_blank\" rel=\"noopener\"> 28\/11\/2025)<\/a><\/strong><\/li>\n<li><a href=\"https:\/\/agora-eoi.xtec.cat\/eoibadalona\/tramits\/instancies-i-sollicituds\/tramitacio-de-titol\/\" target=\"_blank\" rel=\"noopener\"><strong>Tramitaci\u00f3 de t\u00edtol<\/strong><\/a><\/li>\n<li><strong><a style=\"color: #2795b6;\" href=\"https:\/\/documents.espai.educacio.gencat.cat\/FormularisModels\/CentresGestioAcademica\/Y332_092.pdf\" target=\"_blank\" rel=\"noopener\">Trasllat d\u2019expedient (fins al 30\/04\/2026)<\/a><\/strong><\/li>\n<li><strong><a style=\"font-family: inherit; font-size: 1em;\" href=\"https:\/\/drive.google.com\/file\/d\/1WcjErrKLJf6rH_ajOOkK98YGrC4QtxKf\/view?usp=sharing\" target=\"_blank\" rel=\"noopener\">Suggeriments<\/a><\/strong><\/li>\n<\/ul>\n","protected":false},"excerpt":{"rendered":"<p>Podeu descarregar-vos les sol\u00b7licituds i presentar-les a Secretaria en <a href=\"https:\/\/agora-eoi.xtec.cat\/eoibadalona\/el-servei-educatiu\/horari\/\">l&#8217;horari d&#8217;atenci\u00f3<\/a>.<\/p>\n<ul style=\"list-style-type: circle;\">\n<li><a href=\"https:\/\/drive.google.com\/file\/d\/1O46llHukU13kLDW6NJdKmec_GgXiMonA\/view?usp=drive_link\" target=\"_blank\" rel=\"noopener\">Justificaci\u00f3 d&#8217;abs\u00e8ncies de menors<\/a><a href=\"https:\/\/drive.google.com\/file\/d\/1O46llHukU13kLDW6NJdKmec_GgXiMonA\/view?usp=drive_link\" target=\"_blank\" rel=\"noopener\"> d&#8217;edat<\/a><\/li>\n<li><a href=\"https:\/\/drive.google.com\/file\/d\/16vlMSUdsw62ySg5exl7_90BHO9d2Z4uk\/view?usp=sharing\" target=\"_blank\" rel=\"noopener\">Sol\u00b7licitud general<\/a><\/li>\n<li><a style=\"color: #2795b6;\" href=\"https:\/\/docs.google.com\/document\/d\/1fJGmt3IYeij1Zi9Esh2U3WCu6cDwFu_a\/edit?usp=sharing&amp;ouid=106536964992080366585&amp;rtpof=true&amp;sd=true\" target=\"_blank\" rel=\"noopener\">Autoritzaci\u00f3 de tr\u00e0mit<\/a><\/li>\n<li><a href=\"https:\/\/drive.google.com\/file\/d\/1IQIyoOSyzSMxKA_wOz4HJgfHbuvCkiOM\/view?usp=sharing\" target=\"_blank\" rel=\"noopener\">Canvi d\u2019horari (fins al 19\/12\/2025)<\/a><\/li>\n<li><a href=\"https:\/\/drive.google.com\/file\/d\/1iB1_IyOdK9RgDfe9XAgp_FWs5t6ZZm0k\/view?usp=sharing\" target=\"_blank\" rel=\"noopener\">Canvi&hellip;  <a href=\"https:\/\/agora-eoi.xtec.cat\/eoibadalona\/tramits\/instancies-i-sollicituds\/\" title=\"Read Sol\u00b7licituds i justificants\">Llegeix m\u00e9s\u00bb<\/a><br \/>\n","protected":false},"author":1,"featured_media":0,"parent":10627,"menu_order":1,"comment_status":"closed","ping_status":"closed","template":"page-templates\/side-menu.php","meta":{"_bbp_topic_count":0,"_bbp_reply_count":0,"_bbp_total_topic_count":0,"_bbp_total_reply_count":0,"_bbp_voice_count":0,"_bbp_anonymous_reply_count":0,"_bbp_topic_count_hidden":0,"_bbp_reply_count_hidden":0,"_bbp_forum_subforum_count":0,"footnotes":""},"class_list":["post-8370","page","type-page","status-publish","hentry"],"post_mailing_queue_ids":[],"_links":{"self":[{"href":"https:\/\/agora-eoi.xtec.cat\/eoibadalona\/wp-json\/wp\/v2\/pages\/8370","targetHints":{"allow":["GET"]}}],"collection":[{"href":"https:\/\/agora-eoi.xtec.cat\/eoibadalona\/wp-json\/wp\/v2\/pages"}],"about":[{"href":"https:\/\/agora-eoi.xtec.cat\/eoibadalona\/wp-json\/wp\/v2\/types\/page"}],"author":[{"embeddable":true,"href":"https:\/\/agora-eoi.xtec.cat\/eoibadalona\/wp-json\/wp\/v2\/users\/1"}],"replies":[{"embeddable":true,"href":"https:\/\/agora-eoi.xtec.cat\/eoibadalona\/wp-json\/wp\/v2\/comments?post=8370"}],"version-history":[{"count":7,"href":"https:\/\/agora-eoi.xtec.cat\/eoibadalona\/wp-json\/wp\/v2\/pages\/8370\/revisions"}],"predecessor-version":[{"id":10965,"href":"https:\/\/agora-eoi.xtec.cat\/eoibadalona\/wp-json\/wp\/v2\/pages\/8370\/revisions\/10965"}],"up":[{"embeddable":true,"href":"https:\/\/agora-eoi.xtec.cat\/eoibadalona\/wp-json\/wp\/v2\/pages\/10627"}],"wp:attachment":[{"href":"https:\/\/agora-eoi.xtec.cat\/eoibadalona\/wp-json\/wp\/v2\/media?parent=8370"}],"curies":[{"name":"wp","href":"https:\/\/api.w.org\/{rel}","templated":true}]}}